{"id":11262,"date":"2023-05-30T10:21:31","date_gmt":"2023-05-30T08:21:31","guid":{"rendered":"https:\/\/fahazak.lemonfa.hu\/?page_id=11262"},"modified":"2025-02-07T10:22:22","modified_gmt":"2025-02-07T09:22:22","slug":"altalanos-szerzodesi-feltetelek","status":"publish","type":"page","link":"https:\/\/fahazak.lemonfa.hu\/hu\/altalanos-szerzodesi-feltetelek\/","title":{"rendered":"\u00c1ltal\u00e1nos Szerz\u0151d\u00e9si Felt\u00e9telek"},"content":{"rendered":"<div data-elementor-type=\"wp-page\" data-elementor-id=\"11262\" class=\"elementor elementor-11262\">\n\t\t\t\t\t\t\t\t\t<section class=\"wd-negative-gap elementor-section elementor-top-section elementor-element elementor-element-10b2d6f0 elementor-section-boxed elementor-section-height-default elementor-section-height-default wd-section-disabled\" data-id=\"10b2d6f0\" data-element_type=\"section\">\n\t\t\t\t\t\t<div class=\"elementor-container elementor-column-gap-default\">\n\t\t\t\t\t<div class=\"elementor-column elementor-col-100 elementor-top-column elementor-element elementor-element-4166974e\" data-id=\"4166974e\" data-element_type=\"column\">\n\t\t\t<div class=\"elementor-widget-wrap elementor-element-populated\">\n\t\t\t\t\t\t\t\t<div class=\"elementor-element elementor-element-1a0f6627 color-scheme-inherit text-left elementor-widget elementor-widget-text-editor\" data-id=\"1a0f6627\" data-element_type=\"widget\" data-widget_type=\"text-editor.default\">\n\t\t\t\t<div class=\"elementor-widget-container\">\n\t\t\t<style>\/*! elementor - v3.12.1 - 02-04-2023 *\/\n.elementor-widget-text-editor.elementor-drop-cap-view-stacked .elementor-drop-cap{background-color:#69727d;color:#fff}.elementor-widget-text-editor.elementor-drop-cap-view-framed .elementor-drop-cap{color:#69727d;border:3px solid;background-color:transparent}.elementor-widget-text-editor:not(.elementor-drop-cap-view-default) .elementor-drop-cap{margin-top:8px}.elementor-widget-text-editor:not(.elementor-drop-cap-view-default) .elementor-drop-cap-letter{width:1em;height:1em}.elementor-widget-text-editor .elementor-drop-cap{float:left;text-align:center;line-height:1;font-size:50px}.elementor-widget-text-editor .elementor-drop-cap-letter{display:inline-block}<\/style>\t\t\t\t<p><!-- wp:heading --><\/p>\n<p>A jelen \u00c1ltal\u00e1nos Szerz\u0151d\u00e9si Felt\u00e9telek (<strong>\"Felt\u00e9telek\"<\/strong>) szab\u00e1lyozz\u00e1k az \u00d6n, mint v\u00e1s\u00e1rl\u00f3 \u00e9s mi, mint elad\u00f3 jogait \u00e9s k\u00f6telezetts\u00e9geit (kereskedelmi t\u00e1rsas\u00e1gok\u00a0<strong>LEMON trade, s.r.o., sz\u00e9khely: Dru\u017estevn\u00e1 849, 027 43 Ni\u017en\u00e1, azonos\u00edt\u00f3sz\u00e1m: 50753673.<\/strong>) a weboldalunkon (Eshop) kereszt\u00fcl megk\u00f6t\u00f6tt szerz\u0151d\u00e9ses kapcsolatok keret\u00e9ben:<\/p>\n<ul>\n<li><a href=\"https:\/\/fahazak.lemonfa.hu\/hu\/\" target=\"_blank\" rel=\"noopener\">https:\/\/fahazak.lemonfa.hu\/<\/a><\/li>\n<\/ul>\n<p>Az \u00d6n szem\u00e9lyes adatainak feldolgoz\u00e1s\u00e1ra vonatkoz\u00f3 minden inform\u00e1ci\u00f3t a Szem\u00e9lyes adatok feldolgoz\u00e1s\u00e1ra vonatkoz\u00f3 szab\u00e1lyzat tartalmaz, amely itt tal\u00e1lhat\u00f3.<\/p>\n<p>Mint bizony\u00e1ra tudj\u00e1k, mi els\u0151sorban t\u00e1volr\u00f3l kommunik\u00e1lunk. Ez\u00e9rt a Szerz\u0151d\u00e9s\u00fcnkre is vonatkozik, hogy olyan t\u00e1vkommunik\u00e1ci\u00f3s eszk\u00f6z\u00f6ket haszn\u00e1lunk, amelyek lehet\u0151v\u00e9 teszik sz\u00e1munkra, hogy meg\u00e1llapod\u00e1sra jussunk an\u00e9lk\u00fcl, hogy Mi \u00e9s \u00d6n egyidej\u0171leg fizikailag jelen lenn\u00e9nk. Ha a Felt\u00e9telek b\u00e1rmely r\u00e9sze ellentmond annak, amiben k\u00f6lcs\u00f6n\u00f6sen meg\u00e1llapodtunk az \u00d6n \u00e1ltal a Web\u00e1ruh\u00e1zunkban t\u00f6rt\u00e9n\u0151 v\u00e1s\u00e1rl\u00e1s folyamat\u00e1nak r\u00e9szek\u00e9nt, akkor az adott meg\u00e1llapod\u00e1s els\u0151bbs\u00e9get \u00e9lvez a jelen Felt\u00e9telekkel szemben.<\/p>\n<h4><strong>I. V\u00e1s\u00e1rl\u00e1s<\/strong><\/h4>\n<p>Jogi \u00e9s term\u00e9szetes szem\u00e9lyek egyar\u00e1nt v\u00e1s\u00e1rolhatnak \u00e1rut a weboldalunkon, felt\u00e9ve, hogy megfelelnek az al\u00e1bbi szab\u00e1lyoknak.<\/p>\n<ol>\n<li>A fogyaszt\u00f3 az elad\u00f3 term\u00e9keit a kereskedelmi rendszeren kereszt\u00fcl rendeli meg a k\u00f6vetkez\u0151 c\u00edmen\u00a0<a href=\"https:\/\/www.mojaltanok.sk\/\" target=\"_blank\" rel=\"noopener\">www.chatkylemon.sk<\/a>\u00a0\u00edr\u00e1sban: e-mailben\/kapcsolati \u0171rlapon vagy telefonon.<\/li>\n<\/ol>\n<p>Az ilyen v\u00e9gz\u00e9s k\u00f6telez\u0151 \u00e9rv\u00e9ny\u0171nek min\u0151s\u00fcl, \u00e9s \u00f6sszhangban van a 108\/2000 sz. t\u00f6rv\u00e9nycikkel. a k\u00e9s\u0151bbi m\u00f3dos\u00edt\u00e1sok \u00e9s rendeletek megfogalmaz\u00e1s\u00e1ban t\u00e1vollev\u0151k k\u00f6z\u00f6tt k\u00f6t\u00f6tt szerz\u0151d\u00e9snek kell \u00e9rteni.<\/p>\n<ol start=\"2\">\n<li>A fogyaszt\u00f3nak minden egyes megrendel\u00e9sn\u00e9l meg kell adnia a nev\u00e9t \u00e9s vezet\u00e9knev\u00e9t, sz\u00e1ll\u00edt\u00e1si c\u00edm\u00e9t, telefonsz\u00e1m\u00e1t, e-mail c\u00edm\u00e9t, az \u00e1ru nev\u00e9t \u00e9s t\u00edpus\u00e1t, az \u00e1ru le\u00edr\u00e1s\u00e1t (fest\u00e9k sz\u00edne, burkolat vagy kieg\u00e9sz\u00edt\u0151 felszerel\u00e9s), darabsz\u00e1m\u00e1t.<\/li>\n<\/ol>\n<p>Ezek az adatok a szem\u00e9lyes adatok v\u00e9delm\u00e9r\u0151l sz\u00f3l\u00f3 428\/2002. sz. t\u00f6rv\u00e9nynek megfelel\u0151en ker\u00fclnek feldolgoz\u00e1sra. kiz\u00e1r\u00f3lag az elad\u00f3 \u00e9s a fogyaszt\u00f3 k\u00f6z\u00f6tti \u00fczleti kapcsolat keret\u00e9ben ker\u00fclnek felhaszn\u00e1l\u00e1sra, \u00e9s harmadik f\u00e9lnek nem adhat\u00f3k \u00e1t (kiv\u00e9ve az \u00e1ru sz\u00e1ll\u00edt\u00e1s\u00e1t int\u00e9z\u0151 szem\u00e9lyt).<\/p>\n<ol start=\"3\">\n<li>A megrendel\u00e9s be\u00e9rkez\u00e9s\u00e9t k\u00f6vet\u0151en a megrendel\u00e9s regisztr\u00e1l\u00e1sra ker\u00fcl az Elad\u00f3 rendszer\u00e9ben, \u00e9s ezzel egyidej\u0171leg l\u00e9trej\u00f6n az Elad\u00f3 \u00e9s a Fogyaszt\u00f3 k\u00f6z\u00f6tti \u00fczleti kapcsolat. Az Elad\u00f3 legk\u00e9s\u0151bb 24 \u00f3r\u00e1n bel\u00fcl (munkanapokon) felveszi a kapcsolatot a Fogyaszt\u00f3val. Ellen\u0151rzi a megrendel\u00e9st, a sz\u00e1ll\u00edt\u00e1si m\u00f3dot \u00e9s t\u00e1j\u00e9koztatja a lehets\u00e9ges sz\u00e1ll\u00edt\u00e1si hat\u00e1rid\u0151r\u0151l vagy \u00e1tv\u00e9teli id\u0151pontr\u00f3l, a v\u00e9gs\u0151 \u00e1rr\u00f3l \u00e9s a fizet\u00e9s m\u00f3dj\u00e1r\u00f3l. Ett\u0151l az id\u0151pontt\u00f3l kezdve a megrendel\u00e9s a Fogyaszt\u00f3 sz\u00e1m\u00e1ra k\u00f6telez\u0151 \u00e9rv\u00e9ny\u0171.<\/li>\n<li>A fogyaszt\u00f3nak joga van a megrendel\u00e9st d\u00edjmentesen lemondani, \u00e9s csak az elad\u00f3 \u00e9s a fogyaszt\u00f3 k\u00f6z\u00f6tti kapcsolatfelv\u00e9tel 1. napj\u00e1n, azaz azon a napon, amikor a megrendel\u00e9st a fogyaszt\u00f3val ellen\u0151rzik. A megrendel\u00e9st kiz\u00e1r\u00f3lag \u00edr\u00e1sban (fax, e-mail) lehet lemondani. A lemond\u00e1s visszaigazol\u00e1s\u00e1t az Elad\u00f3 szint\u00e9n kiz\u00e1r\u00f3lag \u00edr\u00e1sban k\u00f6zli a Fogyaszt\u00f3val. Az \u00edr\u00e1sbeli form\u00e1ra az\u00e9rt van sz\u00fcks\u00e9g, mert az Elad\u00f3 sz\u00e1m\u00e1ra a lemond\u00e1s dokument\u00e1lt bizony\u00edt\u00e1sa \u00e9s a megrendel\u00e9s feldolgoz\u00e1s\u00e1nak felf\u00fcggeszt\u00e9se miatt van sz\u00fcks\u00e9g.<\/li>\n<\/ol>\n<h4><strong>II. Sz\u00e1ll\u00edt\u00e1si hat\u00e1rid\u0151k<\/strong><\/h4>\n<ol>\n<li>A sz\u00e1ll\u00edt\u00e1si id\u0151k a k\u00fcl\u00f6nb\u00f6z\u0151 t\u00edpus\u00fa term\u00e9kek eset\u00e9ben elt\u00e9r\u0151ek. A sz\u00e1ll\u00edt\u00e1s vagy \u00e1tv\u00e9tel id\u0151pontj\u00e1t mindig k\u00f6z\u00f6lj\u00fck a fogyaszt\u00f3val a megrendel\u00e9s ellen\u0151rz\u00e9sekor. \u00c1ltal\u00e1ban a sz\u00e1ll\u00edt\u00e1si vagy \u00e1tv\u00e9teli hat\u00e1rid\u0151 a megrendel\u00e9s ellen\u0151rz\u00e9s\u00e9t\u0151l sz\u00e1m\u00edtott 7 \u00e9s 35 munkanap k\u00f6z\u00f6tt van. V\u00e1s\u00e1rl\u00f3ink legnagyobb el\u00e9gedetts\u00e9ge \u00e9rdek\u00e9ben igyeksz\u00fcnk ezeket az id\u0151ket a lehet\u0151 legr\u00f6videbbre cs\u00f6kkenteni.<\/li>\n<li>Kiv\u00e9teles esetekben, amikor az \u00e1rukat megrendel\u00e9sre gy\u00e1rtj\u00e1k, vagy amikor bizonyos t\u00edpus\u00fa \u00e1ruk nem \u00e1llnak rendelkez\u00e9sre rakt\u00e1ron, a sz\u00e1ll\u00edt\u00e1si id\u0151 hosszabb lehet.<\/li>\n<\/ol>\n<h4><strong>III. \u00c1r, fizet\u00e9si felt\u00e9telek \u00e9s sz\u00e1ll\u00edt\u00e1si k\u00f6lts\u00e9gek<\/strong><\/h4>\n<ol>\n<li>A term\u00e9k \u00e1r\u00e1t az Elad\u00f3 \u00e1rlist\u00e1ja hat\u00e1rozza meg. Az \u00e1rlist\u00e1ban szerepl\u0151 \u00e1rak el\u0151zetes \u00e9rtes\u00edt\u00e9s n\u00e9lk\u00fcl v\u00e1ltozhatnak. Az Elad\u00f3 fenntartja a jogot, hogy az \u00e1rakat a gy\u00e1rt\u00f3k, import\u0151r\u00f6k stb. \u00e1rainak v\u00e1ltoz\u00e1s\u00e1ra reag\u00e1lva megv\u00e1ltoztassa. A term\u00e9k aktu\u00e1lis \u00e1r\u00e1t mindig a megrendel\u00e9s ellen\u0151rz\u00e9sekor k\u00f6z\u00f6lj\u00fck.<\/li>\n<li>A term\u00e9k \u00e1tad\u00e1sakor a fogyaszt\u00f3 a term\u00e9k + \u00f6sszeszerel\u00e9s \u00e1r\u00e1t fizeti. A teljes szolg\u00e1ltat\u00e1s \u00f6sszeszerel\u00e9ssel t\u00f6rt\u00e9n\u0151 megrendel\u00e9se eset\u00e9n a sz\u00e1ll\u00edt\u00e1s a Szlov\u00e1k K\u00f6zt\u00e1rsas\u00e1g eg\u00e9sz ter\u00fclet\u00e9n INGYENES (t\u00falm\u00e9retes kabinok \u00e9s egyedi gy\u00e1rt\u00e1s\u00fa term\u00e9kek eset\u00e9ben a sz\u00e1ll\u00edt\u00e1si d\u00edjat az elad\u00f3 m\u00e9rlegel\u00e9se ut\u00e1n, a vev\u0151vel egyeztetve egyedileg hat\u00e1rozzuk meg).<\/li>\n<li>A megrendelt, el\u0151legfizet\u00e9st ig\u00e9nyl\u0151 term\u00e9k el\u0151leg\u00e9nek m\u00e9rt\u00e9ke a term\u00e9k teljes \u00e1r\u00e1b\u00f3l 30%, a fennmarad\u00f3 \u00f6sszeget a megrendel\u0151 az \u00f6sszeszerel\u00e9s befejez\u00e9se ut\u00e1n vagy az \u00e1ru kirakod\u00e1si helyre t\u00f6rt\u00e9n\u0151 sz\u00e1ll\u00edt\u00e1sakor k\u00f6zvetlen\u00fcl az \u00f6sszeszerel\u0151nknek k\u00e9szp\u00e9nzben fizeti meg.<\/li>\n<li>Az egyedi sz\u00e1ll\u00edt\u00e1si k\u00f6lts\u00e9gek \u00f6sszeg\u00e9t a megrendel\u00e9s ellen\u0151rz\u00e9sekor mindig k\u00f6z\u00f6lj\u00fck a v\u00e1s\u00e1rl\u00f3val, vagy az elad\u00f3 m\u00e1s sz\u00e1ll\u00edt\u00e1si lehet\u0151s\u00e9get aj\u00e1nl a v\u00e1s\u00e1rl\u00f3nak.<\/li>\n<li>A sz\u00e1ll\u00edt\u00e1si m\u00f3dot a fogyaszt\u00f3 maga v\u00e1lasztja ki a weboldalon tal\u00e1lhat\u00f3 megrendel\u0151lapon vagy m\u00e1s kommunik\u00e1ci\u00f3s eszk\u00f6zzel. A fogyaszt\u00f3 v\u00e1laszthatja ki a sz\u00e1ll\u00edt\u00e1si m\u00f3dot, nevezetesen:<\/li>\n<\/ol>\n<p>(a) saj\u00e1t sz\u00e1ll\u00edt\u00e1ssal<\/p>\n<p>b) elad\u00f3i sz\u00e1ll\u00edt\u00e1s (INGYENES, vagy xx EUR \/ km)<\/p>\n<h4><strong>IV. Az \u00e1ruk \u00e1tv\u00e9tele<\/strong><\/h4>\n<ol>\n<li>A fogyaszt\u00f3 v\u00e1llalja, hogy az \u00e1rut a megbesz\u00e9lt id\u0151pontban \u00e1tveszi a megrendel\u00e9sben megadott c\u00edmen. Ha a szerel\u00e9s helye a legk\u00f6zelebbi j\u00e1rm\u0171vel megk\u00f6zel\u00edthet\u0151 pontt\u00f3l t\u00f6bb mint 15 m\u00e9terre van, a fogyaszt\u00f3 k\u00f6teles gondoskodni arr\u00f3l, hogy az anyag elsz\u00e1ll\u00edt\u00e1s\u00e1hoz seg\u00e9dmunk\u00e1sok \u00e1lljanak rendelkez\u00e9sre. Ha a fogyaszt\u00f3 az \u00e1rut \u00f6sszeszerel\u00e9s n\u00e9lk\u00fcl rendeli meg, az anyag kirakod\u00e1sa teljes m\u00e9rt\u00e9kben a fogyaszt\u00f3 saj\u00e1t k\u00f6lts\u00e9g\u00e9re t\u00f6rt\u00e9nik.<\/li>\n<li>A term\u00e9k \u00e1tv\u00e9telekor a fogyaszt\u00f3 k\u00f6teles ellen\u0151rizni a sz\u00e1ll\u00edtm\u00e1ny fizikai \u00e9ps\u00e9g\u00e9t \u00e9s teljess\u00e9g\u00e9t. Az \u00e1tv\u00e9telkor a fogyaszt\u00f3 szavatolja, hogy az \u00e1rut fizikai hiba vagy s\u00e9r\u00fcl\u00e9s n\u00e9lk\u00fcl vette \u00e1t. A term\u00e9k mennyis\u00e9g\u00e9re \u00e9s fizikai s\u00e9r\u00fcl\u00e9s\u00e9re vonatkoz\u00f3 ut\u00f3lagos reklam\u00e1ci\u00f3kat nem fogadunk el.<\/li>\n<li>A term\u00e9kek k\u00e1rosod\u00e1s\u00e1nak kock\u00e1zata a fogyaszt\u00f3ra sz\u00e1ll \u00e1t abban a pillanatban, amikor a fogyaszt\u00f3 vagy meghatalmazottja \u00e1tveszi a term\u00e9ket.<\/li>\n<\/ol>\n<h4><strong>V. A szerz\u0151d\u00e9st\u0151l val\u00f3 el\u00e1ll\u00e1s<\/strong><\/h4>\n<ol>\n<li>A fogyaszt\u00f3 jogosult a megrendel\u00e9s d\u00edjmentes lemond\u00e1s\u00e1ra, \u00e9s csak az elad\u00f3 \u00e9s a fogyaszt\u00f3 k\u00f6z\u00f6tti kapcsolatfelv\u00e9tel 1. napj\u00e1n, azaz azon a napon, amikor a megrendel\u00e9st a fogyaszt\u00f3val ellen\u0151rzik. A megrendel\u00e9st kiz\u00e1r\u00f3lag \u00edr\u00e1sban, e-mailben vagy szem\u00e9lyesen lehet lemondani.<\/li>\n<li>A vev\u0151 nem \u00e1llhat el a t\u00e1v\u00e9rt\u00e9kes\u00edt\u00e9si szerz\u0151d\u00e9st\u0151l, k\u00fcl\u00f6n\u00f6sen a k\u00f6vetkez\u0151 esetben: ha a szerz\u0151d\u00e9s a fogyaszt\u00f3 k\u00fcl\u00f6nleges ig\u00e9nyei szerint k\u00e9sz\u00fclt term\u00e9k vagy kifejezetten egyetlen fogyaszt\u00f3nak sz\u00e1nt term\u00e9k \u00e9rt\u00e9kes\u00edt\u00e9s\u00e9re vonatkozik.<\/li>\n<li>Abban az esetben, ha elfogadj\u00e1k a fogyaszt\u00f3 azon k\u00e9r\u00e9s\u00e9t, hogy el\u00e1lljon a k\u00fcl\u00f6nleges k\u00f6vetelm\u00e9nyek szerint k\u00e9sz\u00fclt term\u00e9kre vonatkoz\u00f3 ad\u00e1sv\u00e9teli szerz\u0151d\u00e9st\u0151l, az elad\u00f3 jogosult a felmer\u00fclt k\u00f6lts\u00e9gek megt\u00e9r\u00edt\u00e9s\u00e9t \u00e9s a kisz\u00e1ml\u00e1zott (kibocs\u00e1tott) p\u00e9nz\u00f6sszeg 60% \u00f6sszeg\u0171 k\u00f6tb\u00e9r\u00e9t k\u00f6vetelni.<\/li>\n<li>Ha a fogyaszt\u00f3 el\u00e1ll a szabv\u00e1nyos term\u00e9kre vonatkoz\u00f3 ad\u00e1sv\u00e9teli szerz\u0151d\u00e9st\u0151l, a 102\/2014. sz. t\u00f6rv\u00e9ny (fogyaszt\u00f3v\u00e9delmi t\u00f6rv\u00e9ny) 10. \u00a7 (3) bekezd\u00e9se alapj\u00e1n viseli az \u00e1ru elad\u00f3nak t\u00f6rt\u00e9n\u0151 visszak\u00fcld\u00e9s\u00e9nek k\u00f6lts\u00e9geit, \u00e9s ha el\u00e1ll a t\u00e1vollev\u0151k k\u00f6z\u00f6tt k\u00f6t\u00f6tt szerz\u0151d\u00e9st\u0151l, akkor az olyan \u00e1ru visszak\u00fcld\u00e9s\u00e9nek k\u00f6lts\u00e9geit is, amely \u00e1ru jelleg\u00e9n\u00e9l fogva nem k\u00fcldhet\u0151 vissza postai \u00faton.<\/li>\n<li>Az Elad\u00f3 fenntartja a jogot, hogy a megrendel\u00e9st vagy annak egy r\u00e9sz\u00e9t t\u00f6r\u00f6lje (el\u00e1lljon a szerz\u0151d\u00e9st\u0151l), ha:<\/li>\n<\/ol>\n<p>(a) a term\u00e9ket m\u00e1r nem gy\u00e1rtj\u00e1k, vagy gy\u00e1rt\u00e1s\u00e1t besz\u00fcntett\u00e9k<\/p>\n<p>(b) a term\u00e9k sz\u00e1ll\u00edt\u00f3j\u00e1nak \u00e1ra megv\u00e1ltozott<\/p>\n<p>(c) a term\u00e9k felt\u00fcntetett \u00e1ra t\u00e9ves volt<\/p>\n<p>6. A visszak\u00fcld\u00f6tt term\u00e9k\u00e9rt j\u00e1r\u00f3 k\u00e1rt\u00e9r\u00edt\u00e9st az \u00e1ru visszak\u00fcld\u00e9s\u00e9t k\u00f6vet\u0151 10 munkanapon bel\u00fcl banki \u00e1tutal\u00e1ssal k\u00fcldj\u00fck a sz\u00e1ml\u00e1ra.<\/p>\n<h4><strong>VI. J\u00f3t\u00e1ll\u00e1s \u00e9s k\u00f6vetel\u00e9sek<\/strong><\/h4>\n<ol>\n<li>A fa biol\u00f3giai eredet\u0171 anyag, ez\u00e9rt k\u00fcl\u00f6nleges tulajdons\u00e1gokkal rendelkezik, p\u00e9ld\u00e1ul zsugorodni, duzzadni \u00e9s deform\u00e1l\u00f3dni k\u00e9pes. E tulajdons\u00e1gok kialakul\u00e1s\u00e1nak megakad\u00e1lyoz\u00e1sa m\u00e1r az optim\u00e1lis fakiv\u00e1g\u00e1s, a fa ellen\u0151rz\u00f6tt sz\u00e1r\u00edt\u00f3ban t\u00f6rt\u00e9n\u0151 sz\u00e1r\u00edt\u00e1sa, a fa modern gy\u00e1rt\u00f3sorokon t\u00f6rt\u00e9n\u0151 feldolgoz\u00e1sa \u00e9s a f\u00e1t az id\u0151j\u00e1r\u00e1s viszontags\u00e1gait\u00f3l \u00e9s a fak\u00e1ros\u00edt\u00f3 rovarokt\u00f3l v\u00e9d\u0151 bevonatok alkalmaz\u00e1sa sor\u00e1n megkezd\u0151dik. A fa term\u00e9szetes anyag, ez\u00e9rt az illusztr\u00e1ci\u00f3t\u00f3l val\u00f3 sz\u00ednelt\u00e9r\u00e9sek \u00e9s egy\u00e9b vizu\u00e1lis elt\u00e9r\u00e9sek nem adnak okot reklam\u00e1ci\u00f3ra (mivel ez a fa term\u00e9szetes tulajdons\u00e1ga).<\/li>\n<li>A fogyaszt\u00f3i szerz\u0151d\u00e9sek teljes\u00edt\u00e9s\u00e9re vonatkoz\u00f3 j\u00f3t\u00e1ll\u00e1si id\u0151 \u00e1ltal\u00e1ban legal\u00e1bb 24 h\u00f3nap (hacsak az elad\u00f3 m\u00e1sk\u00e9nt nem rendelkezik), a fizet\u00e9s, a kiad\u00e1s, a sz\u00e1ll\u00edt\u00e1s vagy a k\u00f6zvetlen\u00fcl az \u00d6n \u00e1ltal megadott c\u00edmre t\u00f6rt\u00e9n\u0151 befejezett telep\u00edt\u00e9s id\u0151pontj\u00e1t\u00f3l sz\u00e1m\u00edtva. Az \u00e1tv\u00e9telkor a vev\u0151 szavatolja, hogy az \u00e1rut fizikai hib\u00e1kt\u00f3l \u00e9s s\u00e9r\u00fcl\u00e9sekt\u0151l mentesen vette \u00e1t.<\/li>\n<li>A 24 h\u00f3napos garancia (hacsak az elad\u00f3 m\u00e1sk\u00e9pp nem rendelkezik) a term\u00e9keinkre vonatkozik, azaz: kerti pavilonok, kerti kunyh\u00f3k, szersz\u00e1mos h\u00e1zak, k\u00fclt\u00e9ri szaun\u00e1k \u00e9s m\u00e1s, k\u00edn\u00e1latunkban szerepl\u0151 term\u00e9kek.\u00a0<\/li>\n<li>Hiba eset\u00e9n v\u00e1llaljuk a term\u00e9k hib\u00e1j\u00e1nak kijav\u00edt\u00e1s\u00e1t, a term\u00e9k jav\u00edt\u00e1s\u00e1t, a hib\u00e1s term\u00e9k cser\u00e9j\u00e9t \u00e9s a hib\u00e1tlan term\u00e9k lesz\u00e1ll\u00edt\u00e1s\u00e1t, a meg\u00e1llapod\u00e1s szerinti p\u00e9nz\u00f6sszeg visszat\u00e9r\u00edt\u00e9s\u00e9t, valamint indokolt hiba eset\u00e9n a hib\u00e1s term\u00e9k visszav\u00e9tel\u00e9t.<\/li>\n<li>A panaszt \u00edr\u00e1sban lehet beny\u00fajtani, tartalmaznia kell a term\u00e9k, a fogyaszt\u00f3 \u00e9s az elad\u00f3 azonos\u00edt\u00e1s\u00e1ra szolg\u00e1l\u00f3 valamennyi adatot, \u00e9s a fenti hat\u00e1rid\u0151n bel\u00fcl kell \u00e1tadni vagy bejelenteni.<\/li>\n<li>A panasz elb\u00edr\u00e1l\u00e1sa \u00e9s a hiba kijav\u00edt\u00e1sa legk\u00e9s\u0151bb a panasz be\u00e9rkez\u00e9s\u00e9t\u0151l sz\u00e1m\u00edtott 60 napon bel\u00fcl megt\u00f6rt\u00e9nik. A hib\u00e1s term\u00e9k elt\u00e1vol\u00edt\u00e1sa vagy kicser\u00e9l\u00e9se a panasz elb\u00edr\u00e1l\u00e1s\u00e1nak hat\u00e1ridej\u00e9t k\u00f6vet\u0151 30 napon bel\u00fcl.<\/li>\n<li>A gy\u00e1rt\u00f3 nem v\u00e1llal felel\u0151ss\u00e9get a term\u00e9k t\u00e9nyleges sz\u00e1ll\u00edt\u00e1sa, t\u00e1rol\u00e1sa, karbantart\u00e1sa \u00e9s beszerel\u00e9se sor\u00e1n a nem megfelel\u0151 kezel\u00e9sb\u0151l ered\u0151 hib\u00e1k\u00e9rt. Tov\u00e1bb\u00e1 nem felel a nem rendeltet\u00e9sszer\u0171 haszn\u00e1latb\u00f3l ered\u0151 hib\u00e1k\u00e9rt.<\/li>\n<li>A garancia azokra a hib\u00e1kra terjed ki, amelyek az eladott term\u00e9kkel kapcsolatos okok miatt mer\u00fclnek fel. Ez nem terjed ki az eg\u00e9szs\u00e9ges csom\u00f3kra \"csom\u00f3kra\" \u00e9s a term\u00e9szetes mikroreped\u00e9sekre, amelyeket a v\u00e1ltoz\u00f3 l\u00e9gk\u00f6ri \u00e9s fizikai k\u00f6r\u00fclm\u00e9nyek hat\u00e1sa okoz, amelyekben a term\u00e9ket haszn\u00e1lj\u00e1k. A lucfeny\u0151, a feny\u0151 \u00e9s m\u00e1s t\u0171level\u0171 fafajt\u00e1k m\u00e9g akkor is gyant\u00e1t sziv\u00e1rogtatnak, ha a fa kell\u0151en megsz\u00e1radt. Ezek a f\u00e1k \u00fagynevezett gyantah\u00f3lyagokkal rendelkeznek, ez a f\u00e1val kapcsolatos term\u00e9szetes jelens\u00e9g, ez\u00e9rt a gyanta sziv\u00e1rg\u00e1sa nem tartozik a j\u00f3t\u00e1ll\u00e1si ig\u00e9nyek k\u00f6z\u00e9.<\/li>\n<\/ol>\n<p>A keletkez\u0151 reped\u00e9sek nem befoly\u00e1solj\u00e1k a term\u00e9k tart\u00f3ss\u00e1g\u00e1t \u00e9s haszn\u00e1lhat\u00f3s\u00e1g\u00e1t!!!<\/p>\n<h4><strong>VII. Karbantart\u00e1s \u00e9s szervizel\u00e9s<\/strong><\/h4>\n<ol>\n<li>A gy\u00e1rt\u00f3 azt aj\u00e1nlja, hogy a term\u00e9ket legk\u00e9s\u0151bb a fed\u0151r\u00e9teg felhord\u00e1s\u00e1nak befejez\u00e9se ut\u00e1n 1 h\u00f3nappal le kell festeni. A hat\u00e1rid\u0151 be nem tart\u00e1sa eset\u00e9n a term\u00e9k fizikai s\u00e9r\u00fcl\u00e9s\u00e9re vonatkoz\u00f3 ig\u00e9nyeket nem fogadjuk el.<\/li>\n<\/ol>\n<h4><strong>VIII. Javaslatok \u00e9s panaszok beny\u00fajt\u00e1sa<\/strong><\/h4>\n<ol>\n<li>Ha \u00d6n fogyaszt\u00f3, jogosult arra, hogy panaszait \u00e9s javaslatait \u00edr\u00e1sban, e-mailben a obchod@chatkylemon.sk c\u00edmre k\u00fcldje el.<\/li>\n<li>Amint elb\u00edr\u00e1ltuk a panaszt vagy a panaszt, az \u00d6n e-mail c\u00edm\u00e9re k\u00fcld\u00f6tt e-mailben t\u00e1j\u00e9koztatjuk \u00d6nt.<\/li>\n<li>A fel\u00fcgyeleti hat\u00f3s\u00e1g a Szlov\u00e1k Kereskedelmi Fel\u00fcgyelet (SOI), a zsolnai r\u00e9gi\u00f3 fel\u00fcgyel\u0151s\u00e9ge, sz\u00e9khelye: Predmestsk\u00e1 71, P. O. BOX B-89, 011 79 \u017dilina 1 , tel. 041\/763 21 30, 041\/724 58 68.<\/li>\n<li>Ha nem el\u00e9gedett panasza vagy panasz\u00e1nak kezel\u00e9s\u00e9vel, panasz\u00e1t elektronikus \u00faton is beny\u00fajthatja a https:\/\/www.soi.sk\/sk\/Podavanie-podnetov-staznosti-navrhov-a-ziadosti\/Podajte-podnet.soi oldalon el\u00e9rhet\u0151 platformon kereszt\u00fcl.<\/li>\n<li>Alternat\u00edv vitarendez\u00e9s a fogyaszt\u00f3kkal<\/li>\n<li>Ha nem el\u00e9gedett azzal, ahogyan a panasz\u00e1t kezelt\u00fck, vagy ha \u00fagy v\u00e9li, hogy megs\u00e9rtett\u00fck a jogait, jogorvoslat\u00e9rt fordulhat hozz\u00e1nk a ars@soi.sk vagy a adr@soi.sk c\u00edmre k\u00fcld\u00f6tt e-mailben. Ha nemleges v\u00e1laszt adunk a k\u00e9relm\u00e9re, vagy nem v\u00e1laszolunk r\u00e1 a k\u00fcld\u00e9st\u0151l sz\u00e1m\u00edtott 30 napon bel\u00fcl, akkor \u00d6nnek joga van alternat\u00edv vitarendez\u00e9s kezdem\u00e9nyez\u00e9s\u00e9re ir\u00e1nyul\u00f3 k\u00e9relmet beny\u00fajtani egy alternat\u00edv vitarendez\u00e9si szervezethez (a tov\u00e1bbiakban: \"szervezet\") a fogyaszt\u00f3i jogvit\u00e1k alternat\u00edv rendez\u00e9s\u00e9r\u0151l, valamint egyes t\u00f6rv\u00e9nyek m\u00f3dos\u00edt\u00e1s\u00e1r\u00f3l \u00e9s kieg\u00e9sz\u00edt\u00e9s\u00e9r\u0151l sz\u00f3l\u00f3, m\u00f3dos\u00edtott 391\/2015. sz. t\u00f6rv\u00e9ny (a tov\u00e1bbiakban: \"alternat\u00edv vitarendez\u00e9si t\u00f6rv\u00e9ny\") alapj\u00e1n.<\/li>\n<li>A szervezetek az alternat\u00edv vitarendez\u00e9sr\u0151l sz\u00f3l\u00f3 t\u00f6rv\u00e9ny 3. szakasza szerinti szervek \u00e9s enged\u00e9lyezett jogi szem\u00e9lyek, amelyek list\u00e1j\u00e1t a Szlov\u00e1k K\u00f6zt\u00e1rsas\u00e1g Gazdas\u00e1gi Miniszt\u00e9rium\u00e1nak honlapj\u00e1n teszik k\u00f6zz\u00e9: https:\/\/www.mhsr.sk\/obchod\/ochrana-spotrebitela\/alternativne-riesenie-spotrebitelskych-sporov-1\/zoznam-subjektov-alternativneho-riesenia-spotrebitelskych-sporov-1.<\/li>\n<li>A k\u00e9relmet az alternat\u00edv vitarendez\u00e9sr\u0151l sz\u00f3l\u00f3 t\u00f6rv\u00e9ny 12. szakasz\u00e1ban meghat\u00e1rozott m\u00f3don ny\u00fajthatja be.<\/li>\n<li>\u00d6nnek joga van ahhoz is, hogy online kezdem\u00e9nyezzen peren k\u00edv\u00fcli vitarendez\u00e9st az ODR platformon kereszt\u00fcl, amely a k\u00f6vetkez\u0151 c\u00edmen \u00e9rhet\u0151 el: https:\/\/ec.europa.eu\/commission\/presscorner\/detail\/IP_16_297, https:\/\/ec.europa.eu\/consumers\/odr\/main\/index.cfm?event=main.home2.show&amp;lng=SK.<\/li>\n<\/ol>\n<h4><strong>IX. Z\u00e1r\u00f3 rendelkez\u00e9sek<\/strong><\/h4>\n<ol>\n<li>Az Elad\u00f3 fenntartja a jogot az \u00e1r megv\u00e1ltoztat\u00e1s\u00e1ra. Az Elad\u00f3 az \u00e1r megv\u00e1ltoztat\u00e1sakor felveszi a kapcsolatot a Fogyaszt\u00f3val. A Fogyaszt\u00f3nak joga van a megrendel\u00e9st az ilyen m\u00f3dos\u00edtott \u00e1rakon t\u00f6r\u00f6lni.<\/li>\n<li>Az Elad\u00f3 \u00e9s a Fogyaszt\u00f3 meg\u00e1llapodnak abban, hogy a t\u00e1vk\u00f6zl\u00e9st - telefonos, (bele\u00e9rtve a k\u00e9zzel \u00edrt megrendel\u00e9seket is), elektronikus kommunik\u00e1ci\u00f3s form\u00e1t, k\u00fcl\u00f6n\u00f6sen az elektronikus levelez\u00e9s \u00e9s az internet \u00fatj\u00e1n t\u00f6rt\u00e9n\u0151 kommunik\u00e1ci\u00f3t - mindk\u00e9t f\u00e9l sz\u00e1m\u00e1ra \u00e9rv\u00e9nyesnek \u00e9s k\u00f6telez\u0151nek fogadj\u00e1k el.<\/li>\n<li>A Fogyaszt\u00f3 kijelenti, hogy a megrendel\u00e9s kit\u00f6lt\u00e9se vagy bejelent\u00e9se el\u0151tt elolvasta a jelen \u00c1ltal\u00e1nos Szerz\u0151d\u00e9si Felt\u00e9teleket \u00e9s a Panaszkezel\u00e9si Elj\u00e1r\u00e1st, \u00e9s elfogadja azokat.<\/li>\n<li>A jelen \u00c1ltal\u00e1nos Szerz\u0151d\u00e9si Felt\u00e9telek j\u00f3hiszem\u0171en ker\u00fcltek megfogalmaz\u00e1sra \u00e9s kialak\u00edt\u00e1sra, a jogi felt\u00e9teleknek val\u00f3 megfelel\u00e9s, valamint az Elad\u00f3 \u00e9s a Fogyaszt\u00f3 k\u00f6z\u00f6tti tisztess\u00e9ges \u00fczleti kapcsolatok szab\u00e1lyoz\u00e1sa \u00e9rdek\u00e9ben. Abban az esetben, ha a Szlov\u00e1k K\u00f6zt\u00e1rsas\u00e1g illet\u00e9kes hat\u00f3s\u00e1gai a jelen \u00c1ltal\u00e1nos Szerz\u0151d\u00e9si Felt\u00e9telek b\u00e1rmely rendelkez\u00e9s\u00e9t r\u00e9szben vagy eg\u00e9szben \u00e9rv\u00e9nytelennek vagy v\u00e9grehajthatatlannak tal\u00e1lj\u00e1k, ez nem \u00e9rinti a t\u00f6bbi rendelkez\u00e9s \u00e9rv\u00e9nyess\u00e9g\u00e9t \u00e9s v\u00e9grehajthat\u00f3s\u00e1g\u00e1t, illetve az \u00e9rintett rendelkez\u00e9s t\u00f6bbi r\u00e9sz\u00e9t.<\/li>\n<\/ol>\n<div class=\"container-fluid\" data-bootstrap-contains=\"containers\">\n<div class=\"container\">\n<div class=\"row\">\n<div class=\"col-12\">\n<h3 class=\"heading-with-line\"><span class=\"bg-light\">mell\u00e9klet - Panaszt\u00e9teli \u0171rlap<\/span><\/h3>\n<p>To: .................................<\/p>\n<p>Ig\u00e9nybejelent\u00e9s<\/p>\n<ul>\n<li>C\u00edm, kereszt- \u00e9s vezet\u00e9kn\u00e9v:<\/li>\n<li>Lakc\u00edm:<\/li>\n<li>E-mail c\u00edm:<\/li>\n<li>Megrendel\u00e9s \u00e9s sz\u00e1mla sz\u00e1ma:<\/li>\n<li>Megrendel\u00e9s d\u00e1tuma:<\/li>\n<li>Az \u00e1ru \u00e1tv\u00e9tel\u00e9nek id\u0151pontja:<\/li>\n<li>Ig\u00e9nybe vett \u00e1ru (n\u00e9v \u00e9s k\u00f3d):<\/li>\n<li>Az \u00e1ru hib\u00e1inak le\u00edr\u00e1sa \u00e9s m\u00e9rt\u00e9ke:<\/li>\n<\/ul>\n<p>Az Elad\u00f3 v\u00e1s\u00e1rl\u00f3jak\u00e9nt k\u00e9rem, hogy panaszomat az al\u00e1bbiak szerint kezelj\u00e9k:<\/p>\n<p>K\u00e9rem, hogy a p\u00e9nzemet a banksz\u00e1ml\u00e1mra (IBAN)\/m\u00e1s m\u00f3don t\u00e9r\u00edts\u00e9k vissza.<\/p>\n<ul>\n<li>Csatolm\u00e1nyok:<\/li>\n<li>D\u00e1tum:<\/li>\n<li>K\u00e9pal\u00e1\u00edr\u00e1s:<\/li>\n<\/ul>\n<\/div>\n<\/div>\n<\/div>\n<\/div>\n<div class=\"container-fluid\" data-bootstrap-contains=\"containers\">\n<div class=\"container\">\n<div class=\"row\">\n<div class=\"col-12\">\n<h3 class=\"heading-with-line\"><span class=\"bg-light\">mell\u00e9klet - Visszal\u00e9p\u00e9si nyilatkozat<\/span><\/h3>\n<p>To: .................................<\/p>\n<p>Ez\u00faton nyilatkozom, hogy a t\u00e1vollev\u0151k k\u00f6z\u00f6tt vagy az elad\u00f3 telephely\u00e9n k\u00edv\u00fcl k\u00f6t\u00f6tt szerz\u0151d\u00e9s keret\u00e9ben t\u00f6rt\u00e9n\u0151 term\u00e9k\u00e9rt\u00e9kes\u00edt\u00e9s vagy szolg\u00e1ltat\u00e1sny\u00fajt\u00e1s sor\u00e1n ny\u00fajtott fogyaszt\u00f3v\u00e9delemr\u0151l, valamint egyes t\u00f6rv\u00e9nyek m\u00f3dos\u00edt\u00e1s\u00e1r\u00f3l \u00e9s kieg\u00e9sz\u00edt\u00e9s\u00e9r\u0151l sz\u00f3l\u00f3 102\/2014. sz. m\u00f3dos\u00edtott t\u00f6rv\u00e9ny (a tov\u00e1bbiakban: t\u00e1vollev\u0151k k\u00f6z\u00f6tt k\u00f6t\u00f6tt fogyaszt\u00f3v\u00e9delmi t\u00f6rv\u00e9ny) \u00e9rtelm\u00e9ben el\u00e1llok a szerz\u0151d\u00e9st\u0151l:<\/p>\n<ul>\n<li>C\u00edm, kereszt- \u00e9s vezet\u00e9kn\u00e9v:<\/li>\n<li>C\u00edm:<\/li>\n<li>E-mail c\u00edm:<\/li>\n<li>Megrendel\u00e9s \u00e9s sz\u00e1mla sz\u00e1ma:<\/li>\n<li>Megrendel\u00e9s d\u00e1tuma:<\/li>\n<li>Az \u00e1ru \u00e1tv\u00e9tel\u00e9nek id\u0151pontja:<\/li>\n<li>Visszak\u00fcldend\u0151 \u00e1ru (n\u00e9v \u00e9s k\u00f3d):<\/li>\n<li>A visszat\u00e9r\u00e9s oka:<\/li>\n<li>A kapott p\u00e9nzeszk\u00f6z\u00f6k visszat\u00e9r\u00edt\u00e9s\u00e9nek m\u00f3dja:<\/li>\n<\/ul>\n<p>K\u00e9rem, hogy a p\u00e9nzemet a banksz\u00e1ml\u00e1mra (IBAN)\/m\u00e1s m\u00f3don t\u00e9r\u00edts\u00e9k vissza.<\/p>\n<p>\u00c9rtes\u00edt\u00e9s a fogyaszt\u00f3nak: A t\u00e1v\u00e9rt\u00e9kes\u00edt\u00e9sben t\u00f6rt\u00e9n\u0151 fogyaszt\u00f3v\u00e9delemr\u0151l sz\u00f3l\u00f3 t\u00f6rv\u00e9ny 10. \u00a7 (4) bekezd\u00e9se szerint az elad\u00f3 jogosult a fogyaszt\u00f3t\u00f3l az \u00e1ru \u00e9rt\u00e9kcs\u00f6kken\u00e9s\u00e9nek megt\u00e9r\u00edt\u00e9s\u00e9t k\u00f6vetelni, amely az \u00e1ru olyan kezel\u00e9s\u00e9b\u0151l ered, amely meghaladja az \u00e1ru tulajdons\u00e1gainak \u00e9s m\u0171k\u00f6d\u0151k\u00e9pess\u00e9g\u00e9nek meg\u00e1llap\u00edt\u00e1s\u00e1hoz sz\u00fcks\u00e9ges kezel\u00e9st.<\/p>\n<ul>\n<li>D\u00e1tum:<\/li>\n<li>K\u00e9pal\u00e1\u00edr\u00e1s:<\/li>\n<\/ul>\n<\/div>\n<\/div>\n<\/div>\n<\/div>\n<div class=\"container-fluid\" data-bootstrap-contains=\"containers\">\n<div class=\"container\">\n<div class=\"row\">\n<div class=\"col-12\">\n<h3 class=\"heading-with-line\"><span class=\"bg-light\">mell\u00e9klet - Visszavon\u00e1si formanyomtatv\u00e1nyminta<\/span><\/h3>\n<p>(csak akkor t\u00f6ltse ki \u00e9s k\u00fcldje el ezt az \u0171rlapot, ha el k\u00edv\u00e1n \u00e1llni a szerz\u0151d\u00e9st\u0151l)<\/p>\n<ul>\n<li>Akinek .............. <em>[Az elad\u00f3nak fel kell t\u00fcntetnie a nev\u00e9t, vezet\u00e9knev\u00e9t \u00e9s sz\u00e9khely\u00e9nek c\u00edm\u00e9t, ha term\u00e9szetes szem\u00e9ly, aki v\u00e1llalkoz\u00f3, c\u00e9gnev\u00e9t \u00e9s sz\u00e9khely\u00e9t vagy telephely\u00e9t, ha jogi szem\u00e9ly, faxsz\u00e1m\u00e1t \u00e9s e-mail c\u00edm\u00e9t, ha van ilyen.]<\/em><\/li>\n<li>Ezennel \u00e9rtes\u00edtem\/jelentj\u00fck (*), hogy el\u00e1llok\/el\u00e1llunk (*) az ezen \u00e1rukra vonatkoz\u00f3 szerz\u0151d\u00e9st\u0151l\/az ezen szolg\u00e1ltat\u00e1sra vonatkoz\u00f3 szerz\u0151d\u00e9st\u0151l (*) .............. ..............<\/li>\n<li>Megrendel\u00e9s d\u00e1tuma\/be\u00e9rkez\u00e9s d\u00e1tuma (*) ..............<\/li>\n<li>A fogyaszt\u00f3(k) neve \u00e9s vezet\u00e9kneve (*) ..............<\/li>\n<li>A fogyaszt\u00f3(k) c\u00edme (*) ..............<\/li>\n<li>A fogyaszt\u00f3(k) al\u00e1\u00edr\u00e1sa (*) .............. .............. <em>[csak akkor, ha ezt a nyomtatv\u00e1nyt pap\u00edron ny\u00fajtj\u00e1k be]<\/em><\/li>\n<li>D\u00e1tum ..............<\/li>\n<\/ul>\n<p>(*) A nem alkalmazhat\u00f3 sz\u00f6vegr\u00e9szeket t\u00f6r\u00f6lni kell.<\/p>\n<h4>A fogyaszt\u00f3 el\u00e1ll\u00e1si jog\u00e1nak gyakorl\u00e1s\u00e1ra vonatkoz\u00f3 utas\u00edt\u00e1sok<\/h4>\n<p><strong>El\u00e1ll\u00e1si jog<\/strong><\/p>\n<p>\u00d6n jogosult 14 napon bel\u00fcl indokl\u00e1s n\u00e9lk\u00fcl el\u00e1llni a szerz\u0151d\u00e9st\u0151l.<\/p>\n<p>Az el\u00e1ll\u00e1si hat\u00e1rid\u0151 a .............. c\u00edmt\u0151l sz\u00e1m\u00edtott 14 nap eltelt\u00e9vel j\u00e1r le (az 1. pontban le\u00edrtak szerint kit\u00f6ltve).<\/p>\n<p>Az el\u00e1ll\u00e1si jog gyakorl\u00e1sa eset\u00e9n k\u00e9rj\u00fck, hogy a szerz\u0151d\u00e9st\u0151l val\u00f3 el\u00e1ll\u00e1sra vonatkoz\u00f3 d\u00f6nt\u00e9s\u00e9r\u0151l egy\u00e9rtelm\u0171 nyilatkozatban (pl. post\u00e1n, faxon vagy e-mailben k\u00fcld\u00f6tt lev\u00e9lben) t\u00e1j\u00e9koztasson minket a .............. c\u00edmre k\u00fcld\u00f6tt lev\u00e9lben (k\u00e9rj\u00fck, t\u00f6ltse ki a 2. pontban foglaltak szerint). Ehhez haszn\u00e1lhatja az \u00e1ltalunk \u00e1tadott vagy elk\u00fcld\u00f6tt el\u00e1ll\u00e1si nyilatkozatmint\u00e1t.<\/p>\n<p>(ha lehet\u0151v\u00e9 teszi a fogyaszt\u00f3k sz\u00e1m\u00e1ra, hogy weboldal\u00e1n kereszt\u00fcl el\u00e1lljanak a szerz\u0151d\u00e9st\u0151l, k\u00e9rj\u00fck, eg\u00e9sz\u00edtse ki a 3. pontban le\u00edrtak szerinti sz\u00f6veggel).<\/p>\n<p>Az el\u00e1ll\u00e1si id\u0151szak megmarad, ha \u00d6n az el\u00e1ll\u00e1si hat\u00e1rid\u0151 lej\u00e1rta el\u0151tt \u00e9rtes\u00edt\u00e9st k\u00fcld az el\u00e1ll\u00e1si jog gyakorl\u00e1s\u00e1r\u00f3l.<\/p>\n<p><strong>A visszavon\u00e1s k\u00f6vetkezm\u00e9nyei<\/strong><\/p>\n<p>A szerz\u0151d\u00e9s felmond\u00e1sa eset\u00e9n visszat\u00e9r\u00edtj\u00fck az \u00d6n \u00e1ltal a szerz\u0151d\u00e9s megk\u00f6t\u00e9s\u00e9vel kapcsolatban teljes\u00edtett \u00f6sszes kifizet\u00e9st, k\u00fcl\u00f6n\u00f6sen a v\u00e9tel\u00e1rat, bele\u00e9rtve az \u00e1ru \u00d6nh\u00f6z t\u00f6rt\u00e9n\u0151 kisz\u00e1ll\u00edt\u00e1s\u00e1nak k\u00f6lts\u00e9g\u00e9t is. Ez nem vonatkozik a tov\u00e1bbi k\u00f6lts\u00e9gekre, ha \u00d6n az \u00e1ltalunk k\u00edn\u00e1lt legolcs\u00f3bb szok\u00e1sos sz\u00e1ll\u00edt\u00e1si m\u00f3dt\u00f3l elt\u00e9r\u0151 sz\u00e1ll\u00edt\u00e1si m\u00f3dot v\u00e1lasztott. A kifizet\u00e9seket indokolatlan k\u00e9sedelem n\u00e9lk\u00fcl, legk\u00e9s\u0151bb att\u00f3l a napt\u00f3l sz\u00e1m\u00edtott 14 napon bel\u00fcl, amikor a szerz\u0151d\u00e9st\u0151l val\u00f3 el\u00e1ll\u00e1sr\u00f3l sz\u00f3l\u00f3 \u00e9rtes\u00edt\u00e9s\u00e9t k\u00e9zhez kaptuk, visszat\u00e9r\u00edtj\u00fck \u00d6nnek, m\u00e9gpedig azon a m\u00f3don, amelyet \u00d6n a fizet\u00e9skor haszn\u00e1lt, kiv\u00e9ve, ha kifejezetten m\u00e1s fizet\u00e9si m\u00f3dhoz j\u00e1rult hozz\u00e1, \u00e9s minden tov\u00e1bbi k\u00f6lts\u00e9g felsz\u00e1m\u00edt\u00e1sa n\u00e9lk\u00fcl.<\/p>\n<p>A megv\u00e1s\u00e1rolt \u00e1ru ellen\u00e9rt\u00e9k\u00e9t csak azut\u00e1n t\u00e9r\u00edtj\u00fck vissza, hogy a visszak\u00fcld\u00f6tt \u00e1rut visszasz\u00e1ll\u00edtottuk a c\u00edm\u00fcnkre, vagy miut\u00e1n \u00d6n bemutatta a visszak\u00fcld\u00e9st igazol\u00f3 dokumentumot, att\u00f3l f\u00fcgg\u0151en, hogy melyik a kor\u00e1bbi id\u0151pont (ezt a sz\u00f6veget nem kell felt\u00fcntetni olyan szerz\u0151d\u00e9sek eset\u00e9ben, ahol \u00d6n felaj\u00e1nlja, hogy a szerz\u0151d\u00e9st\u0151l val\u00f3 el\u00e1ll\u00e1s eset\u00e9n \u00e1tveszi az \u00e1rut).<\/p>\n<p>(a 4. pont szerint kit\u00f6ltve)<\/p>\n<p>(az 5. pont szerint kit\u00f6ltve)<\/p>\n<h4>Kit\u00f6lt\u00e9si \u00fatmutat\u00f3<\/h4>\n<ol>\n<li>T\u00f6ltse ki az al\u00e1bbi sz\u00f6vegek egyik\u00e9t id\u00e9z\u0151jelben:\n<ul>\n<li>szolg\u00e1ltat\u00e1si szerz\u0151d\u00e9s vagy nem t\u00e1rgyi adathordoz\u00f3n ny\u00fajtott elektronikus tartalom szolg\u00e1ltat\u00e1s\u00e1ra vonatkoz\u00f3 szerz\u0151d\u00e9s eset\u00e9n: \"a szerz\u0151d\u00e9s megk\u00f6t\u00e9se\";<\/li>\n<li>\u00e1ruv\u00e1s\u00e1rl\u00e1si szerz\u0151d\u00e9s eset\u00e9n \"amikor \u00d6n vagy az \u00d6n \u00e1ltal kijel\u00f6lt harmadik szem\u00e9ly, aki nem a fuvaroz\u00f3, \u00e1tveszi az \u00e1rut\";<\/li>\n<li>ha a fogyaszt\u00f3 \u00e1ltal egy megrendel\u00e9sben megrendelt \u00e1rukat k\u00fcl\u00f6n-k\u00fcl\u00f6n sz\u00e1ll\u00edtj\u00e1k le: \"amikor \u00d6n vagy az \u00d6n \u00e1ltal kijel\u00f6lt harmadik szem\u00e9ly, aki nem a fuvaroz\u00f3, \u00e1tveszi az utolj\u00e1ra lesz\u00e1ll\u00edtott \u00e1rukat\";<\/li>\n<li>ha az \u00e1rut t\u00f6bb r\u00e9szb\u0151l vagy darabb\u00f3l sz\u00e1ll\u00edtj\u00e1k: \"amikor \u00d6n vagy az \u00d6n \u00e1ltal kijel\u00f6lt, a fuvaroz\u00f3t\u00f3l elt\u00e9r\u0151 harmadik szem\u00e9ly \u00e1tveszi az utols\u00f3 r\u00e9szt vagy darabot\";<\/li>\n<li>ha az \u00e1rukat egy meghat\u00e1rozott id\u0151szakon bel\u00fcl t\u00f6bbsz\u00f6r sz\u00e1ll\u00edtj\u00e1k: \"amikor \u00d6n vagy az \u00d6n \u00e1ltal kijel\u00f6lt harmadik szem\u00e9ly, aki nem a fuvaroz\u00f3, \u00e1tveszi az els\u0151k\u00e9nt sz\u00e1ll\u00edtott \u00e1rukat.<\/li>\n<\/ul>\n<\/li>\n<li>Adja meg c\u00e9gnev\u00e9t \u00e9s sz\u00e9khely\u00e9t vagy telephely\u00e9t, valamint telefonsz\u00e1m\u00e1t, faxsz\u00e1m\u00e1t \u00e9s e-mail c\u00edm\u00e9t.<\/li>\n<li>Ha lehet\u0151v\u00e9 teszi a fogyaszt\u00f3 sz\u00e1m\u00e1ra, hogy az \u00d6n weboldal\u00e1n kereszt\u00fcl t\u00f6ltse ki \u00e9s k\u00fcldje el az el\u00e1ll\u00e1si nyilatkozatot, a k\u00f6vetkez\u0151 sz\u00f6veget kell hozz\u00e1adni: \"Ha k\u00edv\u00e1nja, az el\u00e1ll\u00e1si nyilatkozat mint\u00e1j\u00e1t vagy b\u00e1rmely m\u00e1s egy\u00e9rtelm\u0171 el\u00e1ll\u00e1si nyilatkozatot elektronikusan is kit\u00f6ltheti \u00e9s elk\u00fcldheti weboldalunkon [weboldal c\u00edme beillesztend\u0151] kereszt\u00fcl. Ha \u00e9l ezzel a lehet\u0151s\u00e9ggel, akkor az el\u00e1ll\u00e1s k\u00e9zhezv\u00e9tel\u00e9t halad\u00e9ktalanul visszaigazoljuk tart\u00f3s adathordoz\u00f3n (pl. e-mailben).\".<\/li>\n<li>Az \u00e1ru \u00e1tad\u00e1s\u00e1val kapcsolatban t\u00e1j\u00e9koztatja a fogyaszt\u00f3t arr\u00f3l, hogy a szerz\u0151d\u00e9st\u0151l val\u00f3 el\u00e1ll\u00e1s eset\u00e9n hogyan k\u00fcldheti vissza az \u00e1rut:\n<ul>\n<li>T\u00f6ltse ki az \u00e1ru visszak\u00fcld\u00e9s\u00e9nek m\u00f3dj\u00e1t\n<ul>\n<li>\"Majd mi elhozzuk az \u00e1rut.\";<\/li>\n<li>\"K\u00fcldje vissza nek\u00fcnk az \u00e1rut, vagy hozza el a c\u00edm\u00fcnkre, vagy adja \u00e1t a ...... c\u00edmre [ha meghatalmazott egy szem\u00e9lyt az \u00e1ru \u00e1tv\u00e9tel\u00e9re, k\u00e9rj\u00fck, adja meg a szem\u00e9ly nev\u00e9t \u00e9s c\u00edm\u00e9t] legk\u00e9s\u0151bb az el\u00e1ll\u00e1si jog gyakorl\u00e1s\u00e1t\u00f3l sz\u00e1m\u00edtott 14 napon bel\u00fcl. A hat\u00e1rid\u0151 betartottnak min\u0151s\u00fcl, ha \u00d6n a 14 napos hat\u00e1rid\u0151 lej\u00e1rta el\u0151tt visszak\u00fcldi az \u00e1rut.\";<\/li>\n<\/ul>\n<\/li>\n<li>Adjon inform\u00e1ci\u00f3t az \u00e1ruk visszak\u00fcld\u00e9s\u00e9nek k\u00f6lts\u00e9geir\u0151l.\n<ul>\n<li>\"Az \u00e1ru visszak\u00fcld\u00e9s\u00e9nek k\u00f6lts\u00e9gei minket terhelnek\";<\/li>\n<li>\"Az \u00e1ru visszak\u00fcld\u00e9s\u00e9nek k\u00f6zvetlen k\u00f6lts\u00e9gei \u00d6nt terhelik\";<\/li>\n<li>Ha a t\u00e1vollev\u0151k k\u00f6z\u00f6tt k\u00f6t\u00f6tt szerz\u0151d\u00e9sben nem aj\u00e1nlja fel az \u00e1ru visszak\u00fcld\u00e9s\u00e9nek k\u00f6lts\u00e9geit, \u00e9s az \u00e1ru jelleg\u00e9n\u00e9l fogva nem k\u00fcldhet\u0151 vissza postai \u00faton: \"Az \u00e1ru visszak\u00fcld\u00e9s\u00e9nek k\u00f6zvetlen k\u00f6lts\u00e9gei ? EUR [adja meg az \u00f6sszeget] \u00d6nt terhelik\";<\/li>\n<li>Ha az \u00e1ru visszak\u00fcld\u00e9s\u00e9nek k\u00f6lts\u00e9gei \u00e9sszer\u0171en nem sz\u00e1m\u00edthat\u00f3ak ki el\u0151re: \"\u00d6n viseli az \u00e1ru visszak\u00fcld\u00e9s\u00e9nek k\u00f6zvetlen k\u00f6lts\u00e9geit. E k\u00f6lts\u00e9gek becs\u00fclt \u00f6sszege ...... EUR [adja meg az \u00f6sszeget];<\/li>\n<li>Ha az Elad\u00f3 \u00fczlethelyis\u00e9g\u00e9n k\u00edv\u00fcl k\u00f6t\u00f6tt szerz\u0151d\u00e9sek eset\u00e9ben az \u00e1ru jelleg\u00e9n\u00e9l fogva nem k\u00fcldhet\u0151 vissza az Elad\u00f3nak postai \u00faton, \u00e9s a szerz\u0151d\u00e9s megk\u00f6t\u00e9sekor a Fogyaszt\u00f3 otthon\u00e1ba sz\u00e1ll\u00edtott\u00e1k: \"Az \u00e1rut saj\u00e1t k\u00f6lts\u00e9g\u00fcnk\u00f6n \u00e1tvessz\u00fck.\";<\/li>\n<\/ul>\n<\/li>\n<li>A fogyaszt\u00f3nak a visszak\u00fcld\u00f6tt \u00e1ruban bek\u00f6vetkezett k\u00e1rok\u00e9rt val\u00f3 felel\u0151ss\u00e9g\u00e9re vonatkoz\u00f3 inform\u00e1ci\u00f3k hozz\u00e1ad\u00e1sa: \"\u00d6n csak az \u00e1ru \u00e9rt\u00e9k\u00e9nek olyan m\u00e9rt\u00e9k\u0171 cs\u00f6kken\u00e9s\u00e9\u00e9rt felel, amely az \u00e1ru term\u00e9szet\u00e9nek, jellemz\u0151inek \u00e9s funkcionalit\u00e1s\u00e1nak meg\u00e1llap\u00edt\u00e1s\u00e1hoz sz\u00fcks\u00e9ges\u0151l elt\u00e9r\u0151 m\u00f3don t\u00f6rt\u00e9n\u0151 kezel\u00e9s\u00e9b\u0151l ered.\".<\/li>\n<\/ul>\n<\/li>\n<li>Szolg\u00e1ltat\u00e1si szerz\u0151d\u00e9s eset\u00e9n a k\u00f6vetkez\u0151ket kell hozz\u00e1adni: \"Ha \u00d6n az el\u00e1ll\u00e1si id\u0151szak alatt k\u00e9rte a szolg\u00e1ltat\u00e1sny\u00fajt\u00e1s megkezd\u00e9s\u00e9t, k\u00f6teles megfizetni nek\u00fcnk a t\u00e9nylegesen ny\u00fajtott szolg\u00e1ltat\u00e1sok \u00e1r\u00e1t addig a napig, amikor \u00d6n \u00e9rtes\u00edt minket arr\u00f3l, hogy el\u00e1ll a szerz\u0151d\u00e9st\u0151l\".<\/li>\n<\/ol>\n<\/div>\n<\/div>\n<\/div>\n<\/div>\n<p><!-- \/wp:paragraph --><\/p>\t\t\t\t\t\t<\/div>\n\t\t\t\t<\/div>\n\t\t\t\t\t<\/div>\n\t\t<\/div>\n\t\t\t\t\t\t\t<\/div>\n\t\t<\/section>\n\t\t\t\t\t\t\t<\/div>","protected":false},"excerpt":{"rendered":"<p>Tieto v\u0161eobecn\u00e9 obchodn\u00e9 podmienky (\u201cPodmienky\u201c) upravuj\u00fa pr\u00e1va a povinnosti V\u00e1s, ako kupuj\u00facich a N\u00e1s ako pred\u00e1vaj\u00faceho (obchodn\u00e1 spolo\u010dnos\u0165\u00a0LEMON trade, s.r.o.<\/p>","protected":false},"author":4,"featured_media":0,"parent":0,"menu_order":0,"comment_status":"closed","ping_status":"closed","template":"","meta":[],"_links":{"self":[{"href":"https:\/\/fahazak.lemonfa.hu\/hu\/wp-json\/wp\/v2\/pages\/11262"}],"collection":[{"href":"https:\/\/fahazak.lemonfa.hu\/hu\/wp-json\/wp\/v2\/pages"}],"about":[{"href":"https:\/\/fahazak.lemonfa.hu\/hu\/wp-json\/wp\/v2\/types\/page"}],"author":[{"embeddable":true,"href":"https:\/\/fahazak.lemonfa.hu\/hu\/wp-json\/wp\/v2\/users\/4"}],"replies":[{"embeddable":true,"href":"https:\/\/fahazak.lemonfa.hu\/hu\/wp-json\/wp\/v2\/comments?post=11262"}],"version-history":[{"count":6,"href":"https:\/\/fahazak.lemonfa.hu\/hu\/wp-json\/wp\/v2\/pages\/11262\/revisions"}],"predecessor-version":[{"id":13168,"href":"https:\/\/fahazak.lemonfa.hu\/hu\/wp-json\/wp\/v2\/pages\/11262\/revisions\/13168"}],"wp:attachment":[{"href":"https:\/\/fahazak.lemonfa.hu\/hu\/wp-json\/wp\/v2\/media?parent=11262"}],"curies":[{"name":"wp","href":"https:\/\/api.w.org\/{rel}","templated":true}]}}