{"id":3,"date":"2023-04-04T13:03:09","date_gmt":"2023-04-04T11:03:09","guid":{"rendered":"https:\/\/fahazak.lemonfa.hu\/?page_id=3"},"modified":"2025-02-07T10:23:48","modified_gmt":"2025-02-07T09:23:48","slug":"adatvedelmi-iranyelvek","status":"publish","type":"page","link":"https:\/\/fahazak.lemonfa.hu\/hu\/adatvedelmi-iranyelvek\/","title":{"rendered":"Adatv\u00e9delmi ir\u00e1nyelvek"},"content":{"rendered":"<div data-elementor-type=\"wp-page\" data-elementor-id=\"3\" class=\"elementor elementor-3\">\n\t\t\t\t\t\t\t\t\t<section class=\"wd-negative-gap elementor-section elementor-top-section elementor-element elementor-element-10b2d6f0 elementor-section-boxed elementor-section-height-default elementor-section-height-default wd-section-disabled\" data-id=\"10b2d6f0\" data-element_type=\"section\">\n\t\t\t\t\t\t<div class=\"elementor-container elementor-column-gap-default\">\n\t\t\t\t\t<div class=\"elementor-column elementor-col-100 elementor-top-column elementor-element elementor-element-4166974e\" data-id=\"4166974e\" data-element_type=\"column\">\n\t\t\t<div class=\"elementor-widget-wrap elementor-element-populated\">\n\t\t\t\t\t\t\t\t<div class=\"elementor-element elementor-element-1a0f6627 color-scheme-inherit text-left elementor-widget elementor-widget-text-editor\" data-id=\"1a0f6627\" data-element_type=\"widget\" data-widget_type=\"text-editor.default\">\n\t\t\t\t<div class=\"elementor-widget-container\">\n\t\t\t<style>\/*! elementor - v3.12.1 - 02-04-2023 *\/\n.elementor-widget-text-editor.elementor-drop-cap-view-stacked .elementor-drop-cap{background-color:#69727d;color:#fff}.elementor-widget-text-editor.elementor-drop-cap-view-framed .elementor-drop-cap{color:#69727d;border:3px solid;background-color:transparent}.elementor-widget-text-editor:not(.elementor-drop-cap-view-default) .elementor-drop-cap{margin-top:8px}.elementor-widget-text-editor:not(.elementor-drop-cap-view-default) .elementor-drop-cap-letter{width:1em;height:1em}.elementor-widget-text-editor .elementor-drop-cap{float:left;text-align:center;line-height:1;font-size:50px}.elementor-widget-text-editor .elementor-drop-cap-letter{display:inline-block}<\/style>\t\t\t\t<!-- wp:heading -->\n<h1 class=\"entry-title main_title\"><span style=\"font-size: 22px;\">Az \u00e9rintettnek az \u00e9rintett\u0151l - a weboldal l\u00e1togat\u00f3it\u00f3l - sz\u00e1rmaz\u00f3 szem\u00e9lyes adatok megszerz\u00e9sekor megadott adatok.<\/span><\/h1>\n<div class=\"entry-content\">\n<p>az (EU) 2016\/679 rendelet (a tov\u00e1bbiakban: GDPR) 13. cikke alapj\u00e1n, \u00f6sszef\u00fcgg\u00e9sben a 18\/2018. sz. t\u00f6rv\u00e9ny 19. \u00a7-\u00e1val. a szem\u00e9lyes adatok v\u00e9delm\u00e9r\u0151l, valamint egyes t\u00f6rv\u00e9nyek m\u00f3dos\u00edt\u00e1s\u00e1r\u00f3l \u00e9s kieg\u00e9sz\u00edt\u00e9s\u00e9r\u0151l sz\u00f3l\u00f3, m\u00f3dos\u00edtott (a tov\u00e1bbiakban: T\u00e1j\u00e9koztat\u00f3) a Felek k\u00f6z\u00f6tt:<\/p>\n<h4>Az \u00fczemeltet\u0151 szem\u00e9lyazonoss\u00e1ga \u00e9s el\u00e9rhet\u0151s\u00e9gei:<\/h4>\n<p>LEMON trade, s.r.o., sz\u00e9khelye: Dru\u017estevn\u00e1 849, 027 43 Ni\u017en\u00e1, bejegyezve az OR OS \u017dilin\u00e1ban, szekci\u00f3: Sro, bejegyz\u00e9si sz\u00e1m: 67304\/L -Zbl.<\/p>\n<h4>Az adatkezel\u0151 k\u00e9pvisel\u0151j\u00e9nek szem\u00e9lyazonoss\u00e1ga \u00e9s el\u00e9rhet\u0151s\u00e9gei:<\/h4>\n<p>nem alkalmazhat\u00f3;<\/p>\n<h4>A felel\u0151s szem\u00e9ly el\u00e9rhet\u0151s\u00e9gei:<\/h4>\n<p>nem alkalmazhat\u00f3;<\/p>\n<h4>Az \u00e9rintett szem\u00e9lyes adatok kateg\u00f3ri\u00e1i:<\/h4>\n<p>cookie-k, ha a cookie-k alapj\u00e1n k\u00e9pesek vagyunk azonos\u00edtani a weboldalunk l\u00e1togat\u00f3j\u00e1nak egy konkr\u00e9t \u00e9rintettj\u00e9t, ez szem\u00e9lyes adatok feldolgoz\u00e1s\u00e1nak min\u0151s\u00fcl, k\u00fcl\u00f6n\u00f6sen:<\/p>\n<ul>\n<li>alapvet\u0151 s\u00fctik - lehet\u0151v\u00e9 teszik az olyan alapvet\u0151 funkci\u00f3k haszn\u00e1lat\u00e1t, mint a regisztr\u00e1lt felhaszn\u00e1l\u00f3k\u00e9nt t\u00f6rt\u00e9n\u0151 bejelentkez\u00e9s vagy az \u0171rlapok el\u0151zetes kit\u00f6lt\u00e9se;<\/li>\n<li>konverzi\u00f3s s\u00fctik - lehet\u0151v\u00e9 teszik sz\u00e1munkra az egyes forgalmi csatorn\u00e1k teljes\u00edtm\u00e9ny\u00e9nek elemz\u00e9s\u00e9t;<\/li>\n<\/ul>\n<h4>A szem\u00e9lyes adatok feldolgoz\u00e1s\u00e1nak c\u00e9ljai:<\/h4>\n<p>az adatkezel\u00e9sre az adatkezel\u0151 jogos \u00e9rdekei miatt van sz\u00fcks\u00e9g, a k\u00f6vetkez\u0151 c\u00e9lb\u00f3l:<\/p>\n<ul>\n<li>hogy a lehet\u0151 legjobb egyedi be\u00e1ll\u00edt\u00e1sokat k\u00edn\u00e1ljuk \u00d6nnek a weboldal\u00e1nak k\u00f6rnyezet\u00e9hez; a forgalom statisztikai kimutat\u00e1sa;<\/li>\n<\/ul>\n<h4>A szem\u00e9lyes adatok feldolgoz\u00e1s\u00e1nak jogalapja:<\/h4>\n<p>GDPR 6. cikk (1) bekezd\u00e9s f) pontja - az adatkezel\u00e9s az adatkezel\u0151 jogos \u00e9rdekeinek \u00e9rv\u00e9nyes\u00edt\u00e9s\u00e9hez sz\u00fcks\u00e9ges a jelen t\u00e1j\u00e9koztat\u00f3 1.5.1. pontja szerint;<\/p>\n<h4>A szem\u00e9lyes adatok c\u00edmzettjei vagy a c\u00edmzettek kateg\u00f3ri\u00e1i:<\/h4>\n<p>Az adatkezel\u0151 nem adja \u00e1t az \u00d6n szem\u00e9lyes adatait semmilyen c\u00edmzettnek.<\/p>\n<h4>Inform\u00e1ci\u00f3 arr\u00f3l, hogy az adatkezel\u0151 a szem\u00e9lyes adatokat harmadik orsz\u00e1gba vagy nemzetk\u00f6zi szervezetnek k\u00edv\u00e1nja tov\u00e1bb\u00edtani:<\/h4>\n<p>nem alkalmazhat\u00f3;<\/p>\n<h4>A Bizotts\u00e1g megfelel\u0151s\u00e9gi hat\u00e1rozat\u00e1nak megl\u00e9t\u00e9re\/nem megl\u00e9t\u00e9re vonatkoz\u00f3 inform\u00e1ci\u00f3:<\/h4>\n<p>nem alkalmazhat\u00f3;<\/p>\n<h4>Hivatkoz\u00e1s a megfelel\u0151 vagy megfelel\u0151 biztos\u00edt\u00e9kokra (bele\u00e9rtve azt, hogy hogyan lehet m\u00e1solatot szerezni, vagy hol \u00e9rhet\u0151 el\/k\u00f6zz\u00e9t\u00e9ve):<\/h4>\n<p>nem alkalmazhat\u00f3;<\/p>\n<h4>A szem\u00e9lyes adatok meg\u0151rz\u00e9si ideje (meghat\u00e1roz\u00e1s\u00e1nak szempontjai):<\/h4>\n<p>Az adatkezel\u0151 jogosult a szem\u00e9lyes adatokat mindaddig meg\u0151rizni, am\u00edg a szem\u00e9lyes adatok feldolgoz\u00e1s\u00e1hoz f\u0171z\u0151d\u0151 jogos \u00e9rdek fenn\u00e1ll;<\/p>\n<h4>Az \u00e9rintett jogainak meghat\u00e1roz\u00e1sa:<\/h4>\n<ul>\n<li>az \u00e9rintettre vonatkoz\u00f3 szem\u00e9lyes adatokhoz val\u00f3 hozz\u00e1f\u00e9r\u00e9s joga;<\/li>\n<li>az \u00e9rintett szem\u00e9lyes adatainak helyesb\u00edt\u00e9s\u00e9hez val\u00f3 jog;<\/li>\n<li>az \u00e9rintett szem\u00e9lyes adatainak t\u00f6rl\u00e9s\u00e9hez val\u00f3 jog;<\/li>\n<li>az \u00e9rintett szem\u00e9lyes adatai feldolgoz\u00e1s\u00e1nak korl\u00e1toz\u00e1s\u00e1hoz val\u00f3 jog;<\/li>\n<li>az \u00e9rintett szem\u00e9lyes adatainak kezel\u00e9se elleni tiltakoz\u00e1shoz val\u00f3 jog, k\u00fcl\u00f6n\u00f6sen a jelen T\u00e1j\u00e9koztat\u00f3 1.5.1. pontja szerinti adatkezel\u00e9s elleni tiltakoz\u00e1shoz; ilyen esetben a tov\u00e1bbiakban nem kezelj\u00fck az \u00d6n szem\u00e9lyes adatait a k\u00e9rd\u00e9ses c\u00e9lb\u00f3l, kiv\u00e9ve, ha az adatkezel\u00e9s folytat\u00e1s\u00e1t k\u00e9nyszer\u00edt\u0151 erej\u0171 jogos okok indokolj\u00e1k;<\/li>\n<li>az \u00e9rintett szem\u00e9lyes adatainak hordozhat\u00f3s\u00e1g\u00e1hoz val\u00f3 jog;<\/li>\n<li>a Szlov\u00e1k K\u00f6zt\u00e1rsas\u00e1g Szem\u00e9lyes Adatv\u00e9delmi Hivatal\u00e1n\u00e1l panaszt\u00e9telhez val\u00f3 jog;<\/li>\n<\/ul>\n<h4>az \u00e9rintett azon jog\u00e1nak megl\u00e9te, hogy b\u00e1rmikor visszavonhatja a szem\u00e9lyes adatok feldolgoz\u00e1s\u00e1hoz adott hozz\u00e1j\u00e1rul\u00e1s\u00e1t<\/h4>\n<p>nem alkalmazhat\u00f3;<\/p>\n<h4>T\u00e1j\u00e9koztat\u00e1s arr\u00f3l, hogy a szem\u00e9lyes adatok megad\u00e1sa jogi vagy szerz\u0151d\u00e9ses k\u00f6vetelm\u00e9ny-e, illetve a szerz\u0151d\u00e9s megk\u00f6t\u00e9s\u00e9hez sz\u00fcks\u00e9ges k\u00f6vetelm\u00e9ny-e (ide\u00e9rtve azt is, hogy az \u00e9rintett k\u00f6teles-e megadni a szem\u00e9lyes adatokat, \u00e9s hogy milyen lehets\u00e9ges k\u00f6vetkezm\u00e9nyei lehetnek annak, ha nem adja meg azokat):<\/h4>\n<p>a szem\u00e9lyes adatoknak a jelen T\u00e1j\u00e9koztat\u00f3 1.5.1. pontja szerinti c\u00e9lb\u00f3l t\u00f6rt\u00e9n\u0151 kezel\u00e9se eset\u00e9n az \u00e9rintett nem k\u00f6teles szem\u00e9lyes adatokat szolg\u00e1ltatni, \u00e9s jogosult tiltakozni szem\u00e9lyes adatainak kezel\u00e9se ellen (ha \u00d6n \u00e9l a szem\u00e9lyes adatainak a jelen T\u00e1j\u00e9koztat\u00f3 1.5.1. pontja szerinti kezel\u00e9se elleni tiltakoz\u00e1shoz val\u00f3 jog\u00e1val, ebben az esetben nem kezelj\u00fck tov\u00e1bb az \u00d6n szem\u00e9lyes adatait, kiv\u00e9ve, ha az adatkezel\u00e9s folytat\u00e1s\u00e1ra k\u00e9nyszer\u00edt\u0151 erej\u0171 jogos okaink vannak);<\/p>\n<h4>Milyen forr\u00e1sokb\u00f3l szerezz\u00fck be a szem\u00e9lyes adatokat?<\/h4>\n<p>A legt\u00f6bb szem\u00e9lyes adatot k\u00f6zvetlen\u00fcl \u00d6nt\u0151l kapjuk, ha \u00f6nk\u00e9ntesen kifejezi vagy v\u00e9lem\u00e9nyt nyilv\u00e1n\u00edt nek\u00fcnk;<\/p>\n<h4>T\u00e1j\u00e9koztat\u00e1s az automatiz\u00e1lt d\u00f6nt\u00e9shozatal l\u00e9tez\u00e9s\u00e9r\u0151l, bele\u00e9rtve a profilalkot\u00e1st (bele\u00e9rtve az alkalmazott elj\u00e1r\u00e1sra vonatkoz\u00f3 inform\u00e1ci\u00f3kat, valamint az ilyen adatkezel\u00e9s jelent\u00e9s\u00e9t \u00e9s az \u00e9rintettre gyakorolt v\u00e1rhat\u00f3 k\u00f6vetkezm\u00e9nyeit):<\/h4>\n<p>nem alkalmazhat\u00f3;<\/p>\n<h3>Az \u00e9rintettnek az \u00e9rintett\u0151l sz\u00e1rmaz\u00f3 szem\u00e9lyes adatok megszerz\u00e9sekor megadott adatok - \u00e1ll\u00e1sp\u00e1ly\u00e1z\u00f3k<\/h3>\n<p>az (EU) 2016\/679 rendelet (a tov\u00e1bbiakban: GDPR) 13. cikke alapj\u00e1n, \u00f6sszef\u00fcgg\u00e9sben a 18\/2018. sz. t\u00f6rv\u00e9ny 19. \u00a7-\u00e1val. a szem\u00e9lyes adatok v\u00e9delm\u00e9r\u0151l, valamint egyes t\u00f6rv\u00e9nyek m\u00f3dos\u00edt\u00e1s\u00e1r\u00f3l \u00e9s kieg\u00e9sz\u00edt\u00e9s\u00e9r\u0151l sz\u00f3l\u00f3, m\u00f3dos\u00edtott (a tov\u00e1bbiakban: T\u00e1j\u00e9koztat\u00f3) a Felek k\u00f6z\u00f6tt:<\/p>\n<h4>Az \u00fczemeltet\u0151 szem\u00e9lyazonoss\u00e1ga \u00e9s el\u00e9rhet\u0151s\u00e9gei:<\/h4>\n<p>LEMON trade, s.r.o., sz\u00e9khelye: Dru\u017estevn\u00e1 849, 027 43 Ni\u017en\u00e1, bejegyezve az OR OS \u017dilin\u00e1ban, szekci\u00f3: Sro, bejegyz\u00e9si sz\u00e1m: 67304\/L -Zbl.<\/p>\n<h4>Az adatkezel\u0151 k\u00e9pvisel\u0151j\u00e9nek szem\u00e9lyazonoss\u00e1ga \u00e9s el\u00e9rhet\u0151s\u00e9gei:<\/h4>\n<p>nem alkalmazhat\u00f3;<\/p>\n<h4>A felel\u0151s szem\u00e9ly el\u00e9rhet\u0151s\u00e9gei:<\/h4>\n<p>nem alkalmazhat\u00f3;<\/p>\n<h4>Az \u00e9rintett szem\u00e9lyes adatok kateg\u00f3ri\u00e1i:<\/h4>\n<ul>\n<li>azonos\u00edt\u00f3 adatok, azaz k\u00fcl\u00f6n\u00f6sen n\u00e9v, vezet\u00e9kn\u00e9v, c\u00edm, sz\u00fclet\u00e9si id\u0151, \u00e1lland\u00f3 lakc\u00edm, \u00e1llampolg\u00e1rs\u00e1g;<\/li>\n<li>el\u00e9rhet\u0151s\u00e9gi adatok, azaz k\u00fcl\u00f6n\u00f6sen a kapcsolattart\u00e1si c\u00edm, telefonsz\u00e1m \u00e9s e-mail c\u00edm;<\/li>\n<li>a munk\u00e1val kapcsolatos adatok, az \u00d6n k\u00e9pzetts\u00e9g\u00e9re (k\u00fcl\u00f6n\u00f6sen az iskolai \u00e9s szakmai k\u00e9pzetts\u00e9g\u00e9re) \u00e9s az \u00d6n \u00e1ltal elv\u00e9gzett k\u00e9pz\u00e9sre vonatkoz\u00f3 inform\u00e1ci\u00f3k, a munk\u00e1ra val\u00f3 alkalmass\u00e1g\u00e1ra vonatkoz\u00f3 inform\u00e1ci\u00f3k;<\/li>\n<li>az \u00d6n eg\u00e9szs\u00e9gi \u00e1llapot\u00e1ra vonatkoz\u00f3 inform\u00e1ci\u00f3k, amelyek a munk\u00e1ltat\u00f3 jogi k\u00f6telezetts\u00e9geinek teljes\u00edt\u00e9s\u00e9hez sz\u00fcks\u00e9gesek (orvosi alapvizsg\u00e1lat, pszichol\u00f3giai vizsg\u00e1lat), az \u00d6n fizikai fogyat\u00e9koss\u00e1g\u00e1ra vonatkoz\u00f3 inform\u00e1ci\u00f3k,<\/li>\n<li>az \u00d6n \u00f6n\u00e9letrajz\u00e1ban, \u00e1ll\u00e1sp\u00e1ly\u00e1zat\u00e1ban \u00e9s motiv\u00e1ci\u00f3s level\u00e9ben szerepl\u0151 inform\u00e1ci\u00f3k, amelyeket \u00d6n egy \u00e1ll\u00e1sp\u00e1ly\u00e1zatot k\u00f6vet\u0151en vagy \u00f6nk\u00e9ntesen, \u00e1ll\u00e1sp\u00e1ly\u00e1zaton k\u00edv\u00fcl bocs\u00e1tott rendelkez\u00e9s\u00fcnkre;<\/li>\n<\/ul>\n<h4>A szem\u00e9lyes adatok feldolgoz\u00e1s\u00e1nak c\u00e9ljai:<\/h4>\n<ul>\n<li>az adatkezel\u00e9s sz\u00fcks\u00e9ges ahhoz, hogy az \u00e9rintett k\u00e9r\u00e9s\u00e9re az Adatkezel\u0151 mint munk\u00e1ltat\u00f3 \u00e9s az \u00e9rintett mint az Adatkezel\u0151 munkav\u00e1llal\u00f3ja k\u00f6z\u00f6tt megk\u00f6tend\u0151 munkaszerz\u0151d\u00e9s (szerz\u0151d\u00e9sk\u00f6t\u00e9st megel\u0151z\u0151 kapcsolatok) (ide\u00e9rtve a munkaviszonyon k\u00edv\u00fcl v\u00e9gzett munk\u00e1ra vonatkoz\u00f3 meg\u00e1llapod\u00e1sokat is) (a tov\u00e1bbiakban: szerz\u0151d\u00e9s) megk\u00f6t\u00e9s\u00e9t megel\u0151z\u0151en int\u00e9zked\u00e9seket lehessen v\u00e9grehajtani;<\/li>\n<li>az adatkezel\u00e9s az adatkezel\u0151 munk\u00e1ltat\u00f3k\u00e9nt fenn\u00e1ll\u00f3 jogi k\u00f6telezetts\u00e9geinek (pl. HR \u00e9s b\u00e9rsz\u00e1mfejt\u00e9s, munkahelyi eg\u00e9szs\u00e9gv\u00e9delem \u00e9s biztons\u00e1g, foglalkoz\u00e1s-eg\u00e9szs\u00e9g\u00fcgyi szolg\u00e1lat stb.) teljes\u00edt\u00e9s\u00e9hez sz\u00fcks\u00e9ges, amelyek az adatkezel\u0151 sz\u00e1m\u00e1ra k\u00fcl\u00f6n\u00f6sen (de nem kiz\u00e1r\u00f3lag) az al\u00e1bbi jogi rendelkez\u00e9sekb\u0151l fakadnak:\n<ul>\n<li>311\/2001 sz. t\u00f6rv\u00e9ny (Coll. Munka T\u00f6rv\u00e9nyk\u00f6nyve;<\/li>\n<li>395\/2002 sz. t\u00f6rv\u00e9ny (Coll. a lev\u00e9lt\u00e1rakr\u00f3l \u00e9s nyilv\u00e1ntart\u00e1sokr\u00f3l;<\/li>\n<li>A 124\/2006 sz. a munkahelyi eg\u00e9szs\u00e9gv\u00e9delemr\u0151l \u00e9s biztons\u00e1gr\u00f3l;<\/li>\n<\/ul>\n<\/li>\n<li>az adatkezel\u00e9sre az adatkezel\u0151 jogos \u00e9rdekei miatt van sz\u00fcks\u00e9g, a k\u00f6vetkez\u0151 c\u00e9lb\u00f3l:\n<ul>\n<li>jogi k\u00f6vetel\u00e9seink v\u00e9delme \u00e9rdek\u00e9ben (m\u00e1s sz\u00f3val saj\u00e1t jogi k\u00f6vetel\u00e9seink v\u00e9delme \u00e9rdek\u00e9ben b\u00edr\u00f3s\u00e1gi, b\u00edr\u00f3s\u00e1gon k\u00edv\u00fcli vagy v\u00e9grehajt\u00e1si elj\u00e1r\u00e1sokban), amennyiben jogos \u00e9rdek\u00fcnk a k\u00e1r megel\u0151z\u00e9se;<\/li>\n<li>biztons\u00e1g \u00e9s vagyonv\u00e9delem, amennyiben jogos \u00e9rdek\u00fcnk f\u0171z\u0151dik a fizikai \u00e9s informatikai biztons\u00e1g, valamint vagyonunk v\u00e9delm\u00e9nek biztos\u00edt\u00e1s\u00e1hoz; e c\u00e9lb\u00f3l a munkahely bizonyos ter\u00fcleteinek, valamint az elektronikus eszk\u00f6z\u00f6k, inform\u00e1ci\u00f3s rendszerek \u00e9s informatikai infrastrukt\u00fara haszn\u00e1lat\u00e1nak megfigyel\u00e9s\u00e9t v\u00e9gezhetj\u00fck;<\/li>\n<\/ul>\n<\/li>\n<li>az \u00d6n hozz\u00e1j\u00e1rul\u00e1sa alapj\u00e1n t\u00f6rt\u00e9n\u0151 feldolgoz\u00e1s az al\u00e1bbi c\u00e9lokb\u00f3l:\n<ul>\n<li>az \u00e1ll\u00e1skeres\u0151k nyilv\u00e1ntart\u00e1sba v\u00e9tele a kiv\u00e1laszt\u00e1si elj\u00e1r\u00e1son k\u00edv\u00fcl;<\/li>\n<\/ul>\n<\/li>\n<\/ul>\n<h4>A szem\u00e9lyes adatok feldolgoz\u00e1s\u00e1nak jogalapja:<\/h4>\n<ul>\n<li>GDPR 6. cikk (1) bekezd\u00e9s a) pont - a feldolgoz\u00e1s a szem\u00e9lyes adatok feldolgoz\u00e1s\u00e1hoz adott kifejezett hozz\u00e1j\u00e1rul\u00e1son alapul;<\/li>\n<li>GDPR 6. cikk (1) bekezd\u00e9s b) pont - az adatkezel\u00e9s az adatkezel\u0151 \u00e9s az \u00e9rintett k\u00f6z\u00f6tt a jelen t\u00e1j\u00e9koztat\u00f3 1.5.1. pontja szerint l\u00e9trej\u00f6tt szerz\u0151d\u00e9s teljes\u00edt\u00e9s\u00e9hez sz\u00fcks\u00e9ges;<\/li>\n<li>GDPR 6. cikk (1) bekezd\u00e9s c) pont - az adatkezel\u00e9s az adatkezel\u0151re alkalmazand\u00f3 jog \u00e1ltal el\u0151\u00edrt jogi k\u00f6telezetts\u00e9g teljes\u00edt\u00e9s\u00e9hez sz\u00fcks\u00e9ges;<\/li>\n<li>GDPR 6. cikk (1) bekezd\u00e9s f) pont - az adatkezel\u00e9s az adatkezel\u0151 jogos \u00e9rdekeinek \u00e9rv\u00e9nyes\u00edt\u00e9s\u00e9hez sz\u00fcks\u00e9ges a jelen t\u00e1j\u00e9koztat\u00f3 1.5.3. pontja szerint;<\/li>\n<\/ul>\n<h4>A szem\u00e9lyes adatok c\u00edmzettjei vagy a c\u00edmzettek kateg\u00f3ri\u00e1i:<\/h4>\n<p>Az adatkezel\u0151 az \u00d6n szem\u00e9lyes adatait k\u00fcl\u00f6n\u00f6sen a k\u00f6vetkez\u0151 c\u00edmzettek\/kateg\u00f3ri\u00e1k sz\u00e1m\u00e1ra adja \u00e1t:<\/p>\n<ul>\n<li>a szem\u00e9lyzeti \u00e9s b\u00e9rsz\u00e1mfejt\u00e9si napirend feldolgoz\u00f3ja, az \u00fczemeltet\u0151 dokumentumainak nyilv\u00e1ntart\u00e1sa, feldolgoz\u00e1sa \u00e9s t\u00e1rol\u00e1sa;<\/li>\n<li>a CCTV-rendszer \u00fczemeltet\u0151je;<\/li>\n<li>jogi szolg\u00e1ltat\u00f3;<\/li>\n<li>az inform\u00e1ci\u00f3s rendszerek \u00e9s a m\u0171szaki infrastrukt\u00fara szolg\u00e1ltat\u00f3i, amennyiben a szem\u00e9lyes adatok kezel\u00e9s\u00e9re szolg\u00e1l\u00f3 bels\u0151 rendszereket kezelnek;<\/li>\n<\/ul>\n<h4>Inform\u00e1ci\u00f3 arr\u00f3l, hogy az adatkezel\u0151 a szem\u00e9lyes adatokat harmadik orsz\u00e1gba vagy nemzetk\u00f6zi szervezetnek k\u00edv\u00e1nja tov\u00e1bb\u00edtani:<\/h4>\n<p>nem alkalmazhat\u00f3;<\/p>\n<h4>A Bizotts\u00e1g megfelel\u0151s\u00e9gi hat\u00e1rozat\u00e1nak megl\u00e9t\u00e9re\/nem megl\u00e9t\u00e9re vonatkoz\u00f3 inform\u00e1ci\u00f3:<\/h4>\n<p>nem alkalmazhat\u00f3;<\/p>\n<h4>Hivatkoz\u00e1s a megfelel\u0151 vagy megfelel\u0151 biztos\u00edt\u00e9kokra (bele\u00e9rtve azt, hogy hogyan lehet m\u00e1solatot szerezni, vagy hol \u00e9rhet\u0151 el\/k\u00f6zz\u00e9t\u00e9ve):<\/h4>\n<p>nem alkalmazhat\u00f3;<\/p>\n<h4>A szem\u00e9lyes adatok meg\u0151rz\u00e9si ideje (meghat\u00e1roz\u00e1s\u00e1nak szempontjai):<\/h4>\n<p>Az adatkezel\u0151 jogosult a szem\u00e9lyes adatokat a k\u00f6vetkez\u0151 ideig t\u00e1rolni:<\/p>\n<ul>\n<li>az \u00e9rintettel val\u00f3 szerz\u0151d\u00e9sk\u00f6t\u00e9st megel\u0151z\u0151 kapcsolat id\u0151tartam\u00e1ra;<\/li>\n<li>az \u00e9rintettel val\u00f3 szerz\u0151d\u00e9sk\u00f6t\u00e9st megel\u0151z\u0151 kapcsolatb\u00f3l ered\u0151 jogok \u00e9s k\u00f6telezetts\u00e9gek gyakorl\u00e1s\u00e1hoz sz\u00fcks\u00e9ges ideig;<\/li>\n<li>az \u00e9rintett szem\u00e9llyel val\u00f3 szerz\u0151d\u00e9sk\u00f6t\u00e9st megel\u0151z\u0151 kapcsolatb\u00f3l ered\u0151 vagy azzal \u00f6sszef\u00fcgg\u00e9sben keletkezett k\u00f6vetel\u00e9sekkel kapcsolatos el\u00e9v\u00fcl\u00e9si vagy el\u00e9v\u00fcl\u00e9si hat\u00e1rid\u0151k id\u0151tartama;<\/li>\n<li>a b\u00edr\u00f3s\u00e1gi, k\u00f6zigazgat\u00e1si vagy egy\u00e9b elj\u00e1r\u00e1s f\u00fcgg\u0151ben tart\u00e1sa alatt az ilyen elj\u00e1r\u00e1s id\u0151tartam\u00e1ra \u00e9s az azt k\u00f6vet\u0151 el\u00e9v\u00fcl\u00e9si vagy el\u00e9v\u00fcl\u00e9si id\u0151 fennmarad\u00f3 r\u00e9sz\u00e9re sz\u00fcks\u00e9ges m\u00e9rt\u00e9kben;<\/li>\n<li>a jelen t\u00e1j\u00e9koztat\u00f3 1.5.2. pontja szerinti c\u00e9lokra a vonatkoz\u00f3 jogszab\u00e1lyb\u00f3l ered\u0151 id\u0151tartamra;<\/li>\n<li>az 1.5.3. pont szerinti c\u00e9lokra mindaddig, am\u00edg az \u00d6n szem\u00e9lyes adatainak feldolgoz\u00e1s\u00e1hoz val\u00f3 hozz\u00e1j\u00e1rul\u00e1s\u00e1val rendelkez\u00fcnk;<\/li>\n<\/ul>\n<h4>Az \u00e9rintett jogainak meghat\u00e1roz\u00e1sa:<\/h4>\n<ul>\n<li>az \u00e9rintettre vonatkoz\u00f3 szem\u00e9lyes adatokhoz val\u00f3 hozz\u00e1f\u00e9r\u00e9s joga;<\/li>\n<li>az \u00e9rintett szem\u00e9lyes adatainak helyesb\u00edt\u00e9s\u00e9hez val\u00f3 jog;<\/li>\n<li>az \u00e9rintett szem\u00e9lyes adatainak t\u00f6rl\u00e9s\u00e9hez val\u00f3 jog;<\/li>\n<li>az \u00e9rintett szem\u00e9lyes adatai feldolgoz\u00e1s\u00e1nak korl\u00e1toz\u00e1s\u00e1hoz val\u00f3 jog;<\/li>\n<li>az \u00e9rintett szem\u00e9lyes adatainak kezel\u00e9se elleni tiltakoz\u00e1shoz val\u00f3 jog, k\u00fcl\u00f6n\u00f6sen a jelen T\u00e1j\u00e9koztat\u00f3 1.5.1. pontja szerinti adatkezel\u00e9s elleni tiltakoz\u00e1shoz; ilyen esetben a tov\u00e1bbiakban nem kezelj\u00fck az \u00d6n szem\u00e9lyes adatait a k\u00e9rd\u00e9ses c\u00e9lb\u00f3l, kiv\u00e9ve, ha az adatkezel\u00e9s folytat\u00e1s\u00e1t k\u00e9nyszer\u00edt\u0151 erej\u0171 jogos okok indokolj\u00e1k;<\/li>\n<li>az \u00e9rintett szem\u00e9lyes adatainak hordozhat\u00f3s\u00e1g\u00e1hoz val\u00f3 jog;<\/li>\n<li>a Szlov\u00e1k K\u00f6zt\u00e1rsas\u00e1g Szem\u00e9lyes Adatv\u00e9delmi Hivatal\u00e1n\u00e1l panaszt\u00e9telhez val\u00f3 jog;<\/li>\n<\/ul>\n<h4>az \u00e9rintett azon jog\u00e1nak megl\u00e9te, hogy b\u00e1rmikor visszavonhatja a szem\u00e9lyes adatok feldolgoz\u00e1s\u00e1hoz adott hozz\u00e1j\u00e1rul\u00e1s\u00e1t<\/h4>\n<p>Az adatkezel\u0151 t\u00e1j\u00e9koztatta az \u00e9rintettet, amikor az \u00e9rintett hozz\u00e1j\u00e1rul\u00e1s\u00e1t megadta, hogy b\u00e1rmikor jogosult a szem\u00e9lyes adatainak kezel\u00e9s\u00e9hez adott hozz\u00e1j\u00e1rul\u00e1s\u00e1t visszavonni, az al\u00e1bbi e-mail c\u00edmre k\u00fcld\u00f6tt lev\u00e9lben. <a href=\"mailto:obchod@chatkylemon.sk\">fahazak@lemonfa.hu<\/a>\u00a0vagy \u00edr\u00e1sban a v\u00e1llalat sz\u00e9khely\u00e9nek c\u00edm\u00e9re, megjel\u00f6lve, hogy mely szem\u00e9lyes adatokr\u00f3l van sz\u00f3, amelyek feldolgoz\u00e1s\u00e1hoz val\u00f3 hozz\u00e1j\u00e1rul\u00e1s\u00e1t visszavonja;<\/p>\n<h4>T\u00e1j\u00e9koztat\u00e1s arr\u00f3l, hogy a szem\u00e9lyes adatok megad\u00e1sa jogi vagy szerz\u0151d\u00e9ses k\u00f6vetelm\u00e9ny-e, illetve a szerz\u0151d\u00e9s megk\u00f6t\u00e9s\u00e9hez sz\u00fcks\u00e9ges k\u00f6vetelm\u00e9ny-e (ide\u00e9rtve azt is, hogy az \u00e9rintett k\u00f6teles-e megadni a szem\u00e9lyes adatokat, \u00e9s hogy milyen lehets\u00e9ges k\u00f6vetkezm\u00e9nyei lehetnek annak, ha nem adja meg azokat):<\/h4>\n<ul>\n<li>a szem\u00e9lyes adatoknak a jelen t\u00e1j\u00e9koztat\u00f3 1.5.1. pontj\u00e1ban eml\u00edtett c\u00e9lb\u00f3l t\u00f6rt\u00e9n\u0151 feldolgoz\u00e1sa eset\u00e9n a szem\u00e9lyes adatok megad\u00e1sa \u00e9s az adatkezel\u0151 \u00e1ltali feldolgoz\u00e1sa sz\u00fcks\u00e9ges a szerz\u0151d\u00e9s teljes\u00edt\u00e9s\u00e9hez (ha az \u00e9rintett nem adn\u00e1 meg a szem\u00e9lyes adatokat, az adatkezel\u0151 nem tudn\u00e1 megk\u00f6tni a munkaszerz\u0151d\u00e9st);<\/li>\n<li>a szem\u00e9lyes adatoknak a jelen t\u00e1j\u00e9koztat\u00f3 1.5.2. pontja szerinti c\u00e9lb\u00f3l t\u00f6rt\u00e9n\u0151 kezel\u00e9se eset\u00e9n az \u00e9rintettre vonatkoz\u00f3 szem\u00e9lyes adatok adatkezel\u0151 \u00e1ltali kezel\u00e9se az adatkezel\u0151 \u00e1ltal\u00e1nosan k\u00f6telez\u0151 erej\u0171 jogi szab\u00e1lyoz\u00e1sb\u00f3l ered\u0151 jogi k\u00f6telezetts\u00e9g\u00e9nek teljes\u00edt\u00e9s\u00e9hez sz\u00fcks\u00e9ges;<\/li>\n<li>a szem\u00e9lyes adatoknak a jelen T\u00e1j\u00e9koztat\u00f3 1.5.3. pontja szerinti c\u00e9lb\u00f3l t\u00f6rt\u00e9n\u0151 kezel\u00e9se eset\u00e9n az \u00e9rintett nem k\u00f6teles szem\u00e9lyes adatokat szolg\u00e1ltatni, \u00e9s jogosult tiltakozni szem\u00e9lyes adatainak kezel\u00e9se ellen (amennyiben \u00d6n \u00e9l a szem\u00e9lyes adatainak a jelen T\u00e1j\u00e9koztat\u00f3 1.5.3. pontja szerinti kezel\u00e9se elleni tiltakoz\u00e1shoz val\u00f3 jog\u00e1val, ebben az esetben nem kezelj\u00fck tov\u00e1bb az \u00d6n szem\u00e9lyes adatait, kiv\u00e9ve, ha az adatkezel\u00e9s folytat\u00e1s\u00e1hoz sz\u00fcks\u00e9ges jogos indokaink vannak);<\/li>\n<li>a szem\u00e9lyes adatoknak a jelen t\u00e1j\u00e9koztat\u00f3 1.5.4. pontja szerinti c\u00e9lb\u00f3l t\u00f6rt\u00e9n\u0151 kezel\u00e9se eset\u00e9n az \u00e9rintett nem k\u00f6teles szem\u00e9lyes adatokat szolg\u00e1ltatni, \u00e9s jogosult arra, hogy az 1.5.4. pont szerinti hozz\u00e1j\u00e1rul\u00e1s\u00e1t b\u00e1rmikor visszavonja (amennyiben \u00d6n \u00e9l a szem\u00e9lyes adatai kezel\u00e9s\u00e9hez val\u00f3 hozz\u00e1j\u00e1rul\u00e1s\u00e1nak visszavon\u00e1s\u00e1ra vonatkoz\u00f3 jog\u00e1val, nem kezelj\u00fck az \u00d6nre vonatkoz\u00f3 ilyen adatokat).<\/li>\n<\/ul>\n<h4>Milyen forr\u00e1sokb\u00f3l szerezz\u00fck be a szem\u00e9lyes adatokat?<\/h4>\n<p>A legt\u00f6bb szem\u00e9lyes adatot k\u00f6zvetlen\u00fcl \u00d6nt\u0151l gy\u0171jtj\u00fck be, ha \u00f6n\u00e9letrajz\u00e1t, \u00e1ll\u00e1sp\u00e1ly\u00e1zat\u00e1t \u00e9s k\u00eds\u00e9r\u0151level\u00e9t elk\u00fcldi nek\u00fcnk, \u00e9s kit\u00f6lti a megfelel\u0151 \u0171rlapot. Ezenk\u00edv\u00fcl harmadik felekt\u0151l is szerezhet\u00fcnk be \u00d6nr\u0151l inform\u00e1ci\u00f3kat referenci\u00e1k form\u00e1j\u00e1ban.<\/p>\n<h4>T\u00e1j\u00e9koztat\u00e1s az automatiz\u00e1lt d\u00f6nt\u00e9shozatal l\u00e9tez\u00e9s\u00e9r\u0151l, bele\u00e9rtve a profilalkot\u00e1st (bele\u00e9rtve az alkalmazott elj\u00e1r\u00e1sra vonatkoz\u00f3 inform\u00e1ci\u00f3kat, valamint az ilyen adatkezel\u00e9s jelent\u00e9s\u00e9t \u00e9s az \u00e9rintettre gyakorolt v\u00e1rhat\u00f3 k\u00f6vetkezm\u00e9nyeit):<\/h4>\n<p>nem alkalmazhat\u00f3;<\/p>\n<\/div>\n<!-- \/wp:paragraph -->\t\t\t\t\t\t<\/div>\n\t\t\t\t<\/div>\n\t\t\t\t\t<\/div>\n\t\t<\/div>\n\t\t\t\t\t\t\t<\/div>\n\t\t<\/section>\n\t\t\t\t\t\t\t<\/div>","protected":false},"excerpt":{"rendered":"<p>Poskytnut\u00e9 dotknutej osobe pri z\u00edskavan\u00ed osobn\u00fdch \u00fadajov od dotknutej osoby \u2013 n\u00e1v\u0161tevn\u00edci webstr\u00e1nky pod\u013ea \u010dl. 13 Nariadenia EP a Rady<\/p>","protected":false},"author":1,"featured_media":0,"parent":0,"menu_order":0,"comment_status":"closed","ping_status":"closed","template":"","meta":[],"_links":{"self":[{"href":"https:\/\/fahazak.lemonfa.hu\/hu\/wp-json\/wp\/v2\/pages\/3"}],"collection":[{"href":"https:\/\/fahazak.lemonfa.hu\/hu\/wp-json\/wp\/v2\/pages"}],"about":[{"href":"https:\/\/fahazak.lemonfa.hu\/hu\/wp-json\/wp\/v2\/types\/page"}],"author":[{"embeddable":true,"href":"https:\/\/fahazak.lemonfa.hu\/hu\/wp-json\/wp\/v2\/users\/1"}],"replies":[{"embeddable":true,"href":"https:\/\/fahazak.lemonfa.hu\/hu\/wp-json\/wp\/v2\/comments?post=3"}],"version-history":[{"count":6,"href":"https:\/\/fahazak.lemonfa.hu\/hu\/wp-json\/wp\/v2\/pages\/3\/revisions"}],"predecessor-version":[{"id":13169,"href":"https:\/\/fahazak.lemonfa.hu\/hu\/wp-json\/wp\/v2\/pages\/3\/revisions\/13169"}],"wp:attachment":[{"href":"https:\/\/fahazak.lemonfa.hu\/hu\/wp-json\/wp\/v2\/media?parent=3"}],"curies":[{"name":"wp","href":"https:\/\/api.w.org\/{rel}","templated":true}]}}